{"id":7525,"date":"2022-08-05T13:28:43","date_gmt":"2022-08-05T13:28:43","guid":{"rendered":"https:\/\/musicaalcastell.com\/nota-prensa-2022\/"},"modified":"2022-08-09T07:35:14","modified_gmt":"2022-08-09T07:35:14","slug":"nota-prensa-2022","status":"publish","type":"page","link":"https:\/\/musicaalcastell.com\/ca\/nota-prensa-2022\/","title":{"rendered":"NOTA PRENSA 2022"},"content":{"rendered":"<p>[et_pb_section fb_built=&#8221;1&#8243; _builder_version=&#8221;4.17.3&#8243; _module_preset=&#8221;default&#8221; background_color=&#8221;#f5f0e7&#8243; background_image=&#8221;https:\/\/musicaalcastell.com\/wp-content\/uploads\/2022\/05\/escala-menu2.png&#8221; background_enable_image=&#8221;off&#8221; background_size=&#8221;initial&#8221; background_position=&#8221;top_left&#8221; width_last_edited=&#8221;off|desktop&#8221; max_width_last_edited=&#8221;off|desktop&#8221; custom_margin=&#8221;||||false|false&#8221; custom_padding=&#8221;0px||0px||false|false&#8221; background_last_edited=&#8221;on|phone&#8221; global_module=&#8221;5535&#8243; saved_tabs=&#8221;all&#8221; global_colors_info=&#8221;{}&#8221;][et_pb_row column_structure=&#8221;1_3,1_3,1_3&#8243; use_custom_gutter=&#8221;on&#8221; gutter_width=&#8221;1&#8243; disabled_on=&#8221;on|off|off&#8221; _builder_version=&#8221;4.17.3&#8243; _module_preset=&#8221;default&#8221; background_enable_color=&#8221;off&#8221; background_enable_image=&#8221;off&#8221; background_size=&#8221;contain&#8221; width=&#8221;100%&#8221; max_width=&#8221;100%&#8221; custom_margin=&#8221;||0px||false|false&#8221; custom_padding=&#8221;0px||0px||false|false&#8221; global_colors_info=&#8221;{}&#8221;][et_pb_column type=&#8221;1_3&#8243; _builder_version=&#8221;4.17.3&#8243; _module_preset=&#8221;default&#8221; global_colors_info=&#8221;{}&#8221;][et_pb_image src=&#8221;https:\/\/musicaalcastell.com\/wp-content\/uploads\/2022\/05\/musicaalcastell-2022-val.jpg&#8221; title_text=&#8221;musicaalcastell-2022-val&#8221; _builder_version=&#8221;4.17.3&#8243; _module_preset=&#8221;default&#8221; global_colors_info=&#8221;{}&#8221;][\/et_pb_image][\/et_pb_column][et_pb_column type=&#8221;1_3&#8243; _builder_version=&#8221;4.17.3&#8243; _module_preset=&#8221;default&#8221; global_colors_info=&#8221;{}&#8221;][et_pb_image src=&#8221;https:\/\/musicaalcastell.com\/wp-content\/uploads\/2022\/05\/musica-2022-c.jpg&#8221; title_text=&#8221;musica-2022-c&#8221; _builder_version=&#8221;4.17.3&#8243; _module_preset=&#8221;default&#8221; global_colors_info=&#8221;{}&#8221;][\/et_pb_image][\/et_pb_column][et_pb_column type=&#8221;1_3&#8243; _builder_version=&#8221;4.17.3&#8243; _module_preset=&#8221;default&#8221; background_color=&#8221;#edc228&#8243; global_colors_info=&#8221;{}&#8221;][et_pb_image src=&#8221;https:\/\/musicaalcastell.com\/wp-content\/uploads\/2022\/05\/musica-denia-2022-VAL.jpg&#8221; title_text=&#8221;musica-denia-2022-VAL&#8221; _builder_version=&#8221;4.17.3&#8243; _module_preset=&#8221;default&#8221; global_colors_info=&#8221;{}&#8221;][\/et_pb_image][\/et_pb_column][\/et_pb_row][et_pb_row use_custom_gutter=&#8221;on&#8221; gutter_width=&#8221;1&#8243; disabled_on=&#8221;off|on|on&#8221; _builder_version=&#8221;4.17.3&#8243; _module_preset=&#8221;default&#8221; background_enable_color=&#8221;off&#8221; background_enable_image=&#8221;off&#8221; background_size=&#8221;contain&#8221; width=&#8221;100%&#8221; max_width=&#8221;100%&#8221; custom_margin=&#8221;||0px||false|false&#8221; custom_padding=&#8221;0px||0px||false|false&#8221; global_colors_info=&#8221;{}&#8221;][et_pb_column type=&#8221;4_4&#8243; _builder_version=&#8221;4.17.3&#8243; _module_preset=&#8221;default&#8221; global_colors_info=&#8221;{}&#8221;][et_pb_image src=&#8221;https:\/\/musicaalcastell.com\/wp-content\/uploads\/2022\/05\/CABECERA-movil-val-ok3.jpg&#8221; title_text=&#8221;CABECERA-movil-val-ok3&#8243; align=&#8221;center&#8221; _builder_version=&#8221;4.17.3&#8243; _module_preset=&#8221;default&#8221; custom_margin=&#8221;||0px||false|false&#8221; custom_padding=&#8221;||0px||false|false&#8221; global_colors_info=&#8221;{}&#8221;][\/et_pb_image][\/et_pb_column][\/et_pb_row][\/et_pb_section][et_pb_section fb_built=&#8221;1&#8243; _builder_version=&#8221;4.16&#8243; background_color=&#8221;#ffffff&#8221; inner_width_tablet=&#8221;50px&#8221; inner_max_width_tablet=&#8221;50px&#8221; custom_margin=&#8221;||0px|&#8221; custom_padding=&#8221;||0px|&#8221; z_index_tablet=&#8221;500&#8243; global_colors_info=&#8221;{}&#8221;][et_pb_row _builder_version=&#8221;4.16&#8243; custom_margin=&#8221;||0px|&#8221; custom_padding=&#8221;||0px|&#8221; global_colors_info=&#8221;{}&#8221;][et_pb_column type=&#8221;4_4&#8243; _builder_version=&#8221;4.16&#8243; custom_padding=&#8221;||0px|&#8221; global_colors_info=&#8221;{}&#8221; custom_padding__hover=&#8221;|||&#8221;][et_pb_blurb title=&#8221;FINALITZA LA 30 EDICI\u00d3 DEL FESTIVAL 2022&#8243; use_icon=&#8221;on&#8221; font_icon=&#8221;&#x47;||divi||400&#8243; icon_color=&#8221;#ffc300&#8243; _builder_version=&#8221;4.17.4&#8243; header_level=&#8221;h2&#8243; text_orientation=&#8221;center&#8221; z_index_tablet=&#8221;500&#8243; circle_color=&#8221;#c09209&#8243; global_colors_info=&#8221;{}&#8221;][\/et_pb_blurb][\/et_pb_column][\/et_pb_row][\/et_pb_section][et_pb_section fb_built=&#8221;1&#8243; fullwidth=&#8221;on&#8221; custom_padding_last_edited=&#8221;on|desktop&#8221; _builder_version=&#8221;4.16&#8243; inner_width_tablet=&#8221;50px&#8221; inner_max_width_tablet=&#8221;50px&#8221; custom_padding=&#8221;0px|0px|0px|&#8221; custom_padding_tablet=&#8221;50px|0|50px|0&#8243; custom_padding_phone=&#8221;&#8221; z_index_tablet=&#8221;500&#8243; global_colors_info=&#8221;{}&#8221;][et_pb_fullwidth_header text_orientation=&#8221;center&#8221; _builder_version=&#8221;4.17.4&#8243; background_color=&#8221;rgba(255, 255, 255, 0)&#8221; background_layout=&#8221;light&#8221; hover_enabled=&#8221;0&#8243; z_index_tablet=&#8221;500&#8243; button_one_letter_spacing_hover=&#8221;0&#8243; button_two_letter_spacing_hover=&#8221;0&#8243; global_colors_info=&#8221;{}&#8221; button_one_text_size__hover_enabled=&#8221;off&#8221; button_one_text_size__hover=&#8221;null&#8221; button_two_text_size__hover_enabled=&#8221;off&#8221; button_two_text_size__hover=&#8221;null&#8221; button_one_text_color__hover_enabled=&#8221;off&#8221; button_one_text_color__hover=&#8221;null&#8221; button_two_text_color__hover_enabled=&#8221;off&#8221; button_two_text_color__hover=&#8221;null&#8221; button_one_border_width__hover_enabled=&#8221;off&#8221; button_one_border_width__hover=&#8221;null&#8221; button_two_border_width__hover_enabled=&#8221;off&#8221; button_two_border_width__hover=&#8221;null&#8221; button_one_border_color__hover_enabled=&#8221;off&#8221; button_one_border_color__hover=&#8221;null&#8221; button_two_border_color__hover_enabled=&#8221;off&#8221; button_two_border_color__hover=&#8221;null&#8221; button_one_border_radius__hover_enabled=&#8221;off&#8221; button_one_border_radius__hover=&#8221;null&#8221; button_two_border_radius__hover_enabled=&#8221;off&#8221; button_two_border_radius__hover=&#8221;null&#8221; button_one_letter_spacing__hover_enabled=&#8221;on&#8221; button_one_letter_spacing__hover=&#8221;0&#8243; button_two_letter_spacing__hover_enabled=&#8221;on&#8221; button_two_letter_spacing__hover=&#8221;0&#8243; button_one_bg_color__hover_enabled=&#8221;off&#8221; button_one_bg_color__hover=&#8221;null&#8221; button_two_bg_color__hover_enabled=&#8221;off&#8221; button_two_bg_color__hover=&#8221;null&#8221; sticky_enabled=&#8221;0&#8243;]<\/p>\n<p style=\"text-align: justify;\"><span>XXX Festival M\u00fasica amb \u00c0nima Mediterr\u00e0nia.<\/span><\/p>\n<p style=\"text-align: justify;\">Del 21 al 31 de juliol, el Festival M\u00fasica al Castell ha celebrat la 30a edici\u00f3 amb un cartell de luxe que ha rebut una gran acollida per part del p\u00fablic: un total de 3.538 persones han assistit als concerts celebrats al castell (<strong>Miquel Gil i No\u00e8lia Llorens<\/strong> &#8216;Titana&#8217;, que hi van presentar l&#8217;espectacle &#8220;Arrel&#8221;, <strong>Las Migas<\/strong>, amb el seu \u00faltim treball, &#8220;Libres&#8221;, <strong>Marlango<\/strong>, la banda de Leonor Watling i Alejandro Pelayo, <strong>El Septeto Santiaguero<\/strong>, amb la seua m\u00fasica tradicional cubana, <strong>Los Hermanos Cubero<\/strong>, el gran descobriment per al p\u00fablic del festival, amb una particular fusi\u00f3 de m\u00fasica tradicional castellana i folklore rural dels Estats Units, i el veter\u00e0 <strong>Kiko Veneno<\/strong>).<\/p>\n<p>&nbsp;<\/p>\n<p style=\"text-align: left;\">Amb el cartell d&#8217;aforament complet penjat en cinc dels <strong>sis concerts<\/strong>, aquesta ha estat una de les edicions m\u00e9s reeixides del festival, que com sempre es va complementar amb les actuacions per a p\u00fablic familiar i gratu\u00eftes de la pla\u00e7a del Consell, a c\u00e0rrec de <strong>La POP<\/strong>. <strong>Petita Orquestra Peiotaire<\/strong> i <strong>la Colla Pere Bigot<\/strong>.<\/p>\n<p>[\/et_pb_fullwidth_header][\/et_pb_section][et_pb_section fb_built=&#8221;1&#8243; _builder_version=&#8221;4.16&#8243; background_color=&#8221;#ffffff&#8221; inner_width_tablet=&#8221;50px&#8221; inner_max_width_tablet=&#8221;50px&#8221; custom_margin=&#8221;0px||0px|&#8221; custom_padding=&#8221;0px||0px|&#8221; z_index_tablet=&#8221;500&#8243; global_colors_info=&#8221;{}&#8221;][et_pb_row _builder_version=&#8221;4.16&#8243; custom_margin=&#8221;||0px|&#8221; custom_padding=&#8221;||0px|&#8221; global_colors_info=&#8221;{}&#8221;][et_pb_column type=&#8221;4_4&#8243; _builder_version=&#8221;4.16&#8243; custom_padding=&#8221;||0px|&#8221; global_colors_info=&#8221;{}&#8221; custom_padding__hover=&#8221;|||&#8221;][et_pb_blurb title=&#8221;IMATGES FESTIVAL M\u00daSICA Al CASTELL 2022&#8243; use_icon=&#8221;on&#8221; font_icon=&#8221;&#x47;||divi||400&#8243; icon_color=&#8221;#faf1e8&#8243; _builder_version=&#8221;4.17.4&#8243; header_level=&#8221;h2&#8243; text_orientation=&#8221;center&#8221; z_index_tablet=&#8221;500&#8243; circle_color=&#8221;#c09209&#8243; global_colors_info=&#8221;{}&#8221;][\/et_pb_blurb][\/et_pb_column][\/et_pb_row][\/et_pb_section][et_pb_section fb_built=&#8221;1&#8243; custom_padding_last_edited=&#8221;on|desktop&#8221; _builder_version=&#8221;4.16&#8243; inner_width_tablet=&#8221;50px&#8221; inner_max_width_tablet=&#8221;50px&#8221; custom_padding=&#8221;0px|0px|20px|0px&#8221; custom_padding_tablet=&#8221;50px|0|50px|0&#8243; custom_padding_phone=&#8221;&#8221; z_index_tablet=&#8221;500&#8243; global_colors_info=&#8221;{}&#8221;][et_pb_row column_structure=&#8221;1_4,1_4,1_4,1_4&#8243; padding_mobile=&#8221;off&#8221; column_padding_mobile=&#8221;on&#8221; _builder_version=&#8221;4.16&#8243; background_size=&#8221;initial&#8221; background_position=&#8221;top_left&#8221; background_repeat=&#8221;repeat&#8221; width=&#8221;100%&#8221; max_width=&#8221;100%&#8221; custom_margin=&#8221;15px|0px|0px|0px&#8221; custom_padding=&#8221;0px|0px|0px|0px&#8221; custom_css_main_element=&#8221;width:100%!important;&#8221; make_fullwidth=&#8221;on&#8221; use_custom_width=&#8221;on&#8221; width_unit=&#8221;off&#8221; custom_width_percent=&#8221;100%&#8221; global_colors_info=&#8221;{}&#8221;][et_pb_column type=&#8221;1_4&#8243; module_class=&#8221;anuncio4colfull&#8221; _builder_version=&#8221;4.16&#8243; custom_padding=&#8221;15px|0px|0px|0px&#8221; global_colors_info=&#8221;{}&#8221; custom_padding__hover=&#8221;|||&#8221;][et_pb_blurb url=&#8221;https:\/\/musicaalcastell.com\/ca\/programacio\/miquel-gil-i-noelia-llorens\/&#8221; image=&#8221;http:\/\/musicaalcastell.com\/wp-content\/uploads\/2022\/08\/Musica-al-castell-Eltakataka-Miquel-Gil_2.jpg&#8221; module_class=&#8221;grupoprog&#8221; _builder_version=&#8221;4.17.4&#8243; body_text_color=&#8221;#000000&#8243; body_font_size=&#8221;17&#8243; background_color=&#8221;#faf1e8&#8243; background_size=&#8221;initial&#8221; background_position=&#8221;top_left&#8221; background_repeat=&#8221;repeat&#8221; custom_margin=&#8221;|0px|30px|0px&#8221; custom_padding=&#8221;|0px||0px&#8221; z_index_tablet=&#8221;500&#8243; custom_css_blurb_image=&#8221;margin-bottom:10px;&#8221; use_border_color=&#8221;off&#8221; border_color=&#8221;#ffffff&#8221; border_style=&#8221;solid&#8221; global_colors_info=&#8221;{}&#8221;]<\/p>\n<p><a style=\"color: #000;\" href=\"https:\/\/musicaalcastell.com\/programacion\/miquel-gil-i-noelia-llorens\/\">MIQUEL GIL i NOELIA LLORENS<\/a><\/p>\n<p>[\/et_pb_blurb][\/et_pb_column][et_pb_column type=&#8221;1_4&#8243; module_class=&#8221;anuncio4colfull&#8221; _builder_version=&#8221;4.16&#8243; custom_padding=&#8221;15px|0px|0px|0px&#8221; global_colors_info=&#8221;{}&#8221; custom_padding__hover=&#8221;|||&#8221;][et_pb_blurb image=&#8221;http:\/\/musicaalcastell.com\/wp-content\/uploads\/2022\/08\/Musica-al-castell-Eltakataka-Miquel-Gil_3.jpg&#8221; image_icon_width=&#8221;none&#8221; module_class=&#8221;grupoprog&#8221; _builder_version=&#8221;4.17.4&#8243; body_text_color=&#8221;#000000&#8243; body_font_size=&#8221;17&#8243; background_color=&#8221;#faf1e8&#8243; background_size=&#8221;initial&#8221; background_position=&#8221;top_left&#8221; background_repeat=&#8221;repeat&#8221; max_width_tablet=&#8221;50px&#8221; custom_margin=&#8221;|0px|30px|0px&#8221; custom_padding=&#8221;|0px||0px&#8221; z_index_tablet=&#8221;500&#8243; custom_css_blurb_image=&#8221;margin-bottom:10px;&#8221; custom_css_blurb_content=&#8221;min-height:30px;&#8221; use_border_color=&#8221;off&#8221; image_max_width=&#8221;none&#8221; global_colors_info=&#8221;{}&#8221;]<\/p>\n<p><a style=\"color: #000;\" href=\"https:\/\/musicaalcastell.com\/programacion\/miquel-gil-i-noelia-llorens\/\"><span>Espectacle<\/span> Folk \u00abARREL\u00bb<\/a><\/p>\n<p>[\/et_pb_blurb][\/et_pb_column][et_pb_column type=&#8221;1_4&#8243; module_class=&#8221;anuncio4colfull&#8221; _builder_version=&#8221;4.16&#8243; custom_padding=&#8221;15px|0px|0px|0px&#8221; global_colors_info=&#8221;{}&#8221; custom_padding__hover=&#8221;|||&#8221;][et_pb_blurb image=&#8221;http:\/\/musicaalcastell.com\/wp-content\/uploads\/2022\/08\/Musica-al-castell-Eltakataka-Miquel-Gil_4.jpg&#8221; image_icon_width=&#8221;none&#8221; module_class=&#8221;grupoprog&#8221; _builder_version=&#8221;4.17.4&#8243; body_text_color=&#8221;#000000&#8243; body_font_size=&#8221;17&#8243; background_color=&#8221;#faf1e8&#8243; background_size=&#8221;initial&#8221; background_position=&#8221;top_left&#8221; background_repeat=&#8221;repeat&#8221; max_width_tablet=&#8221;50px&#8221; custom_margin=&#8221;|0px|30px|0px&#8221; custom_padding=&#8221;|0px||0px&#8221; z_index_tablet=&#8221;500&#8243; custom_css_blurb_image=&#8221;margin-bottom:10px;&#8221; use_border_color=&#8221;off&#8221; image_max_width=&#8221;none&#8221; global_colors_info=&#8221;{}&#8221;][\/et_pb_blurb][\/et_pb_column][et_pb_column type=&#8221;1_4&#8243; module_class=&#8221;anuncio4colfull&#8221; _builder_version=&#8221;4.16&#8243; custom_padding=&#8221;15px|0px|0px|0px&#8221; global_colors_info=&#8221;{}&#8221; custom_padding__hover=&#8221;|||&#8221;][et_pb_blurb image=&#8221;http:\/\/musicaalcastell.com\/wp-content\/uploads\/2022\/08\/Musica-al-castell-Eltakataka-Miquel-Gil_1.jpg&#8221; image_icon_width=&#8221;none&#8221; module_class=&#8221;grupoprog&#8221; _builder_version=&#8221;4.17.4&#8243; body_text_color=&#8221;#000000&#8243; body_font_size=&#8221;17&#8243; background_color=&#8221;#faf1e8&#8243; background_size=&#8221;initial&#8221; background_position=&#8221;top_left&#8221; background_repeat=&#8221;repeat&#8221; max_width_tablet=&#8221;50px&#8221; custom_margin=&#8221;|0px|30px|0px&#8221; custom_padding=&#8221;|0px||0px&#8221; z_index_tablet=&#8221;500&#8243; custom_css_blurb_image=&#8221;margin-bottom:10px;&#8221; custom_css_blurb_content=&#8221;min-height:30px;&#8221; use_border_color=&#8221;off&#8221; image_max_width=&#8221;none&#8221; global_colors_info=&#8221;{}&#8221;][\/et_pb_blurb][\/et_pb_column][\/et_pb_row][et_pb_row column_structure=&#8221;1_4,1_4,1_4,1_4&#8243; padding_mobile=&#8221;off&#8221; column_padding_mobile=&#8221;on&#8221; _builder_version=&#8221;4.16&#8243; background_size=&#8221;initial&#8221; background_position=&#8221;top_left&#8221; background_repeat=&#8221;repeat&#8221; width=&#8221;100%&#8221; max_width=&#8221;100%&#8221; custom_margin=&#8221;15px|0px|0px|0px&#8221; custom_padding=&#8221;0px|0px|0px|0px&#8221; custom_css_main_element=&#8221;width:100%!important;&#8221; make_fullwidth=&#8221;on&#8221; use_custom_width=&#8221;on&#8221; width_unit=&#8221;off&#8221; custom_width_percent=&#8221;100%&#8221; global_colors_info=&#8221;{}&#8221;][et_pb_column type=&#8221;1_4&#8243; module_class=&#8221;anuncio4colfull&#8221; _builder_version=&#8221;4.16&#8243; custom_padding=&#8221;15px|0px|0px|0px&#8221; global_colors_info=&#8221;{}&#8221; custom_padding__hover=&#8221;|||&#8221;][et_pb_blurb url=&#8221;https:\/\/musicaalcastell.com\/ca\/programacio\/las-migas\/&#8221; image=&#8221;http:\/\/musicaalcastell.com\/wp-content\/uploads\/2022\/08\/Musica-al-castell-Eltakataka-Las-Migas_1.jpg&#8221; module_class=&#8221;grupoprog&#8221; _builder_version=&#8221;4.17.4&#8243; body_text_color=&#8221;#000000&#8243; body_font_size=&#8221;17&#8243; background_color=&#8221;#faf1e8&#8243; background_size=&#8221;initial&#8221; background_position=&#8221;top_left&#8221; background_repeat=&#8221;repeat&#8221; custom_margin=&#8221;|0px|30px|0px&#8221; custom_padding=&#8221;|0px||0px&#8221; z_index_tablet=&#8221;500&#8243; custom_css_blurb_image=&#8221;margin-bottom:10px;&#8221; use_border_color=&#8221;off&#8221; border_color=&#8221;#ffffff&#8221; border_style=&#8221;solid&#8221; global_colors_info=&#8221;{}&#8221;]<\/p>\n<p><a style=\"color: #000;\" href=\"https:\/\/musicaalcastell.com\/programacion\/las-migas\/\">LAS MIGAS<\/a><\/p>\n<p>[\/et_pb_blurb][\/et_pb_column][et_pb_column type=&#8221;1_4&#8243; module_class=&#8221;anuncio4colfull&#8221; _builder_version=&#8221;4.16&#8243; custom_padding=&#8221;15px|0px|0px|0px&#8221; global_colors_info=&#8221;{}&#8221; custom_padding__hover=&#8221;|||&#8221;][et_pb_blurb image=&#8221;http:\/\/musicaalcastell.com\/wp-content\/uploads\/2022\/08\/Musica-al-castell-Eltakataka-Las-Migas_2.jpg&#8221; image_icon_width=&#8221;none&#8221; module_class=&#8221;grupoprog&#8221; _builder_version=&#8221;4.17.4&#8243; body_text_color=&#8221;#000000&#8243; body_font_size=&#8221;17&#8243; background_color=&#8221;#faf1e8&#8243; background_size=&#8221;initial&#8221; background_position=&#8221;top_left&#8221; background_repeat=&#8221;repeat&#8221; max_width_tablet=&#8221;50px&#8221; custom_margin=&#8221;|0px|30px|0px&#8221; custom_padding=&#8221;|0px||0px&#8221; z_index_tablet=&#8221;500&#8243; custom_css_blurb_image=&#8221;margin-bottom:10px;&#8221; custom_css_blurb_content=&#8221;min-height:30px;&#8221; use_border_color=&#8221;off&#8221; image_max_width=&#8221;none&#8221; global_colors_info=&#8221;{}&#8221;]<\/p>\n<p><a style=\"color: #000;\" href=\"https:\/\/musicaalcastell.com\/programacion\/las-migas\/\">Flamenc. \u00abLIBRES\u00bb<\/a><\/p>\n<p>[\/et_pb_blurb][\/et_pb_column][et_pb_column type=&#8221;1_4&#8243; module_class=&#8221;anuncio4colfull&#8221; _builder_version=&#8221;4.16&#8243; custom_padding=&#8221;15px|0px|0px|0px&#8221; global_colors_info=&#8221;{}&#8221; custom_padding__hover=&#8221;|||&#8221;][et_pb_blurb image=&#8221;http:\/\/musicaalcastell.com\/wp-content\/uploads\/2022\/08\/Musica-al-castell-Eltakataka-Las-Migas_3.jpg&#8221; image_icon_width=&#8221;none&#8221; module_class=&#8221;grupoprog&#8221; _builder_version=&#8221;4.17.4&#8243; body_text_color=&#8221;#000000&#8243; body_font_size=&#8221;17&#8243; background_color=&#8221;#faf1e8&#8243; background_size=&#8221;initial&#8221; background_position=&#8221;top_left&#8221; background_repeat=&#8221;repeat&#8221; max_width_tablet=&#8221;50px&#8221; custom_margin=&#8221;|0px|30px|0px&#8221; custom_padding=&#8221;|0px||0px&#8221; z_index_tablet=&#8221;500&#8243; custom_css_blurb_image=&#8221;margin-bottom:10px;&#8221; use_border_color=&#8221;off&#8221; image_max_width=&#8221;none&#8221; global_colors_info=&#8221;{}&#8221;][\/et_pb_blurb][\/et_pb_column][et_pb_column type=&#8221;1_4&#8243; module_class=&#8221;anuncio4colfull&#8221; _builder_version=&#8221;4.16&#8243; custom_padding=&#8221;15px|0px|0px|0px&#8221; global_colors_info=&#8221;{}&#8221; custom_padding__hover=&#8221;|||&#8221;][et_pb_blurb image=&#8221;http:\/\/musicaalcastell.com\/wp-content\/uploads\/2022\/08\/Musica-al-castell-Eltakataka-Las-Migas_4.jpg&#8221; image_icon_width=&#8221;none&#8221; module_class=&#8221;grupoprog&#8221; _builder_version=&#8221;4.17.4&#8243; body_text_color=&#8221;#000000&#8243; body_font_size=&#8221;17&#8243; background_color=&#8221;#faf1e8&#8243; background_size=&#8221;initial&#8221; background_position=&#8221;top_left&#8221; background_repeat=&#8221;repeat&#8221; max_width_tablet=&#8221;50px&#8221; custom_margin=&#8221;|0px|30px|0px&#8221; custom_padding=&#8221;|0px||0px&#8221; z_index_tablet=&#8221;500&#8243; custom_css_blurb_image=&#8221;margin-bottom:10px;&#8221; custom_css_blurb_content=&#8221;min-height:30px;&#8221; use_border_color=&#8221;off&#8221; image_max_width=&#8221;none&#8221; global_colors_info=&#8221;{}&#8221;][\/et_pb_blurb][\/et_pb_column][\/et_pb_row][et_pb_row column_structure=&#8221;1_4,1_4,1_4,1_4&#8243; padding_mobile=&#8221;off&#8221; column_padding_mobile=&#8221;on&#8221; _builder_version=&#8221;4.16&#8243; background_size=&#8221;initial&#8221; background_position=&#8221;top_left&#8221; background_repeat=&#8221;repeat&#8221; width=&#8221;100%&#8221; max_width=&#8221;100%&#8221; custom_margin=&#8221;15px|0px|0px|0px&#8221; custom_padding=&#8221;0px|0px|0px|0px&#8221; custom_css_main_element=&#8221;width:100%!important;&#8221; make_fullwidth=&#8221;on&#8221; use_custom_width=&#8221;on&#8221; width_unit=&#8221;off&#8221; custom_width_percent=&#8221;100%&#8221; global_colors_info=&#8221;{}&#8221;][et_pb_column type=&#8221;1_4&#8243; module_class=&#8221;anuncio4colfull&#8221; _builder_version=&#8221;4.16&#8243; custom_padding=&#8221;15px|0px|0px|0px&#8221; global_colors_info=&#8221;{}&#8221; custom_padding__hover=&#8221;|||&#8221;][et_pb_blurb url=&#8221;https:\/\/musicaalcastell.com\/ca\/programacio\/marlango\/&#8221; image=&#8221;http:\/\/musicaalcastell.com\/wp-content\/uploads\/2022\/08\/Musica-al-castell-Eltakataka-Marlango_1.jpg&#8221; module_class=&#8221;grupoprog&#8221; _builder_version=&#8221;4.17.4&#8243; body_text_color=&#8221;#000000&#8243; body_font_size=&#8221;17&#8243; background_color=&#8221;#faf1e8&#8243; background_size=&#8221;initial&#8221; background_position=&#8221;top_left&#8221; background_repeat=&#8221;repeat&#8221; custom_margin=&#8221;|0px|30px|0px&#8221; custom_padding=&#8221;|0px||0px&#8221; z_index_tablet=&#8221;500&#8243; custom_css_blurb_image=&#8221;margin-bottom:10px;&#8221; use_border_color=&#8221;off&#8221; border_color=&#8221;#ffffff&#8221; border_style=&#8221;solid&#8221; global_colors_info=&#8221;{}&#8221;]<\/p>\n<p><a style=\"color: #000;\" href=\"https:\/\/musicaalcastell.com\/programacion\/marlango\/\">MARLANGO<\/a><\/p>\n<p>[\/et_pb_blurb][\/et_pb_column][et_pb_column type=&#8221;1_4&#8243; module_class=&#8221;anuncio4colfull&#8221; _builder_version=&#8221;4.16&#8243; custom_padding=&#8221;15px|0px|0px|0px&#8221; global_colors_info=&#8221;{}&#8221; custom_padding__hover=&#8221;|||&#8221;][et_pb_blurb image=&#8221;http:\/\/musicaalcastell.com\/wp-content\/uploads\/2022\/08\/Musica-al-castell-Eltakataka-Marlango_2.jpg&#8221; image_icon_width=&#8221;none&#8221; module_class=&#8221;grupoprog&#8221; _builder_version=&#8221;4.17.4&#8243; body_text_color=&#8221;#000000&#8243; body_font_size=&#8221;17&#8243; background_color=&#8221;#faf1e8&#8243; background_size=&#8221;initial&#8221; background_position=&#8221;top_left&#8221; background_repeat=&#8221;repeat&#8221; max_width_tablet=&#8221;50px&#8221; custom_margin=&#8221;|0px|30px|0px&#8221; custom_padding=&#8221;|0px||0px&#8221; z_index_tablet=&#8221;500&#8243; custom_css_blurb_image=&#8221;margin-bottom:10px;&#8221; custom_css_blurb_content=&#8221;min-height:30px;&#8221; use_border_color=&#8221;off&#8221; image_max_width=&#8221;none&#8221; global_colors_info=&#8221;{}&#8221;]<\/p>\n<p><a style=\"color: #000;\" href=\"https:\/\/musicaalcastell.com\/programacion\/marlango\/\">Si preguntas por ah\u00ed<\/a><\/p>\n<p>[\/et_pb_blurb][\/et_pb_column][et_pb_column type=&#8221;1_4&#8243; module_class=&#8221;anuncio4colfull&#8221; _builder_version=&#8221;4.16&#8243; custom_padding=&#8221;15px|0px|0px|0px&#8221; global_colors_info=&#8221;{}&#8221; custom_padding__hover=&#8221;|||&#8221;][et_pb_blurb image=&#8221;http:\/\/musicaalcastell.com\/wp-content\/uploads\/2022\/08\/Musica-al-castell-Eltakataka-Marlango_5.jpg&#8221; image_icon_width=&#8221;none&#8221; module_class=&#8221;grupoprog&#8221; _builder_version=&#8221;4.17.4&#8243; body_text_color=&#8221;#000000&#8243; body_font_size=&#8221;17&#8243; background_color=&#8221;#faf1e8&#8243; background_size=&#8221;initial&#8221; background_position=&#8221;top_left&#8221; background_repeat=&#8221;repeat&#8221; max_width_tablet=&#8221;50px&#8221; custom_margin=&#8221;|0px|30px|0px&#8221; custom_padding=&#8221;|0px||0px&#8221; z_index_tablet=&#8221;500&#8243; custom_css_blurb_image=&#8221;margin-bottom:10px;&#8221; use_border_color=&#8221;off&#8221; image_max_width=&#8221;none&#8221; global_colors_info=&#8221;{}&#8221;][\/et_pb_blurb][\/et_pb_column][et_pb_column type=&#8221;1_4&#8243; module_class=&#8221;anuncio4colfull&#8221; _builder_version=&#8221;4.16&#8243; custom_padding=&#8221;15px|0px|0px|0px&#8221; global_colors_info=&#8221;{}&#8221; custom_padding__hover=&#8221;|||&#8221;][et_pb_blurb image=&#8221;http:\/\/musicaalcastell.com\/wp-content\/uploads\/2022\/08\/Musica-al-castell-Eltakataka-Marlango_4.jpg&#8221; image_icon_width=&#8221;none&#8221; module_class=&#8221;grupoprog&#8221; _builder_version=&#8221;4.17.4&#8243; body_text_color=&#8221;#000000&#8243; body_font_size=&#8221;17&#8243; background_color=&#8221;#faf1e8&#8243; background_size=&#8221;initial&#8221; background_position=&#8221;top_left&#8221; background_repeat=&#8221;repeat&#8221; max_width_tablet=&#8221;50px&#8221; custom_margin=&#8221;|0px|30px|0px&#8221; custom_padding=&#8221;|0px||0px&#8221; z_index_tablet=&#8221;500&#8243; custom_css_blurb_image=&#8221;margin-bottom:10px;&#8221; custom_css_blurb_content=&#8221;min-height:30px;&#8221; use_border_color=&#8221;off&#8221; image_max_width=&#8221;none&#8221; global_colors_info=&#8221;{}&#8221;][\/et_pb_blurb][\/et_pb_column][\/et_pb_row][et_pb_row column_structure=&#8221;1_4,1_4,1_4,1_4&#8243; padding_mobile=&#8221;off&#8221; column_padding_mobile=&#8221;on&#8221; _builder_version=&#8221;4.16&#8243; background_size=&#8221;initial&#8221; background_position=&#8221;top_left&#8221; background_repeat=&#8221;repeat&#8221; width=&#8221;100%&#8221; max_width=&#8221;100%&#8221; custom_margin=&#8221;15px|0px|0px|0px&#8221; custom_padding=&#8221;0px|0px|0px|0px&#8221; custom_css_main_element=&#8221;width:100%!important;&#8221; make_fullwidth=&#8221;on&#8221; use_custom_width=&#8221;on&#8221; width_unit=&#8221;off&#8221; custom_width_percent=&#8221;100%&#8221; global_colors_info=&#8221;{}&#8221;][et_pb_column type=&#8221;1_4&#8243; module_class=&#8221;anuncio4colfull&#8221; _builder_version=&#8221;4.16&#8243; custom_padding=&#8221;15px|0px|0px|0px&#8221; global_colors_info=&#8221;{}&#8221; custom_padding__hover=&#8221;|||&#8221;][et_pb_blurb url=&#8221;https:\/\/musicaalcastell.com\/ca\/programacio\/#conciertos-plaza-consell-1&#8243; image=&#8221;http:\/\/musicaalcastell.com\/wp-content\/uploads\/2022\/08\/Musica-al-castell-Eltakataka-LA-POP1.jpg&#8221; module_class=&#8221;grupoprog&#8221; _builder_version=&#8221;4.17.4&#8243; body_text_color=&#8221;#000000&#8243; body_font_size=&#8221;17&#8243; background_color=&#8221;#faf1e8&#8243; background_size=&#8221;initial&#8221; background_position=&#8221;top_left&#8221; background_repeat=&#8221;repeat&#8221; custom_margin=&#8221;|0px|30px|0px&#8221; custom_padding=&#8221;|0px||0px&#8221; z_index_tablet=&#8221;500&#8243; custom_css_blurb_image=&#8221;margin-bottom:10px;&#8221; use_border_color=&#8221;off&#8221; border_color=&#8221;#ffffff&#8221; border_style=&#8221;solid&#8221; global_colors_info=&#8221;{}&#8221;]<\/p>\n<p><a style=\"color: #000;\" href=\"https:\/\/musicaalcastell.com\/programacion\/#conciertos-plaza-consell-1\">La POP, Petita Orquestra Peiotaire<\/a><\/p>\n<p>[\/et_pb_blurb][\/et_pb_column][et_pb_column type=&#8221;1_4&#8243; module_class=&#8221;anuncio4colfull&#8221; _builder_version=&#8221;4.16&#8243; custom_padding=&#8221;15px|0px|0px|0px&#8221; global_colors_info=&#8221;{}&#8221; custom_padding__hover=&#8221;|||&#8221;][et_pb_blurb url=&#8221;https:\/\/musicaalcastell.com\/programacion\/jonatan-penalba\/&#8221; image=&#8221;http:\/\/musicaalcastell.com\/wp-content\/uploads\/2022\/08\/Musica-al-castell-Eltakataka-LA-POP.jpg&#8221; image_icon_width=&#8221;none&#8221; module_class=&#8221;grupoprog&#8221; _builder_version=&#8221;4.17.4&#8243; body_text_color=&#8221;#000000&#8243; body_font_size=&#8221;17&#8243; background_color=&#8221;#faf1e8&#8243; background_size=&#8221;initial&#8221; background_position=&#8221;top_left&#8221; background_repeat=&#8221;repeat&#8221; max_width_tablet=&#8221;50px&#8221; custom_margin=&#8221;|0px|30px|0px&#8221; custom_padding=&#8221;|0px||0px&#8221; z_index_tablet=&#8221;500&#8243; custom_css_blurb_image=&#8221;margin-bottom:10px;&#8221; custom_css_blurb_content=&#8221;min-height:30px;&#8221; use_border_color=&#8221;off&#8221; image_max_width=&#8221;none&#8221; global_colors_info=&#8221;{}&#8221;]<a style=\"color: #000;\" href=\"https:\/\/musicaalcastell.com\/programacion\/#conciertos-plaza-consell-1\">Els Garcia &#038; Cia. La fam\u00edlia s\u2019amplia<\/a>[\/et_pb_blurb][\/et_pb_column][et_pb_column type=&#8221;1_4&#8243; module_class=&#8221;anuncio4colfull&#8221; _builder_version=&#8221;4.16&#8243; custom_padding=&#8221;15px|0px|0px|0px&#8221; global_colors_info=&#8221;{}&#8221; custom_padding__hover=&#8221;|||&#8221;][et_pb_blurb image=&#8221;http:\/\/musicaalcastell.com\/wp-content\/uploads\/2022\/08\/Musica-al-castell-Eltakataka-LA-POP2.jpg&#8221; image_icon_width=&#8221;none&#8221; module_class=&#8221;grupoprog&#8221; _builder_version=&#8221;4.17.4&#8243; body_text_color=&#8221;#000000&#8243; body_font_size=&#8221;17&#8243; background_color=&#8221;#faf1e8&#8243; background_size=&#8221;initial&#8221; background_position=&#8221;top_left&#8221; background_repeat=&#8221;repeat&#8221; max_width_tablet=&#8221;50px&#8221; custom_margin=&#8221;|0px|30px|0px&#8221; custom_padding=&#8221;|0px||0px&#8221; z_index_tablet=&#8221;500&#8243; custom_css_blurb_image=&#8221;margin-bottom:10px;&#8221; use_border_color=&#8221;off&#8221; image_max_width=&#8221;none&#8221; global_colors_info=&#8221;{}&#8221;][\/et_pb_blurb][\/et_pb_column][et_pb_column type=&#8221;1_4&#8243; module_class=&#8221;anuncio4colfull&#8221; _builder_version=&#8221;4.16&#8243; custom_padding=&#8221;15px|0px|0px|0px&#8221; global_colors_info=&#8221;{}&#8221; custom_padding__hover=&#8221;|||&#8221;][et_pb_blurb image=&#8221;http:\/\/musicaalcastell.com\/wp-content\/uploads\/2022\/08\/Musica-al-castell-Eltakataka-LA-POP3.jpg&#8221; image_icon_width=&#8221;none&#8221; module_class=&#8221;grupoprog&#8221; _builder_version=&#8221;4.17.4&#8243; body_text_color=&#8221;#000000&#8243; body_font_size=&#8221;17&#8243; background_color=&#8221;#faf1e8&#8243; background_size=&#8221;initial&#8221; background_position=&#8221;top_left&#8221; background_repeat=&#8221;repeat&#8221; max_width_tablet=&#8221;50px&#8221; custom_margin=&#8221;|0px|30px|0px&#8221; custom_padding=&#8221;|0px||0px&#8221; z_index_tablet=&#8221;500&#8243; custom_css_blurb_image=&#8221;margin-bottom:10px;&#8221; custom_css_blurb_content=&#8221;min-height:30px;&#8221; use_border_color=&#8221;off&#8221; image_max_width=&#8221;none&#8221; global_colors_info=&#8221;{}&#8221;][\/et_pb_blurb][\/et_pb_column][\/et_pb_row][et_pb_row column_structure=&#8221;1_4,1_4,1_4,1_4&#8243; padding_mobile=&#8221;off&#8221; column_padding_mobile=&#8221;on&#8221; _builder_version=&#8221;4.16&#8243; background_size=&#8221;initial&#8221; background_position=&#8221;top_left&#8221; background_repeat=&#8221;repeat&#8221; width=&#8221;100%&#8221; max_width=&#8221;100%&#8221; custom_margin=&#8221;15px|0px|0px|0px&#8221; custom_padding=&#8221;0px|0px|0px|0px&#8221; custom_css_main_element=&#8221;width:100%!important;&#8221; make_fullwidth=&#8221;on&#8221; use_custom_width=&#8221;on&#8221; width_unit=&#8221;off&#8221; custom_width_percent=&#8221;100%&#8221; global_colors_info=&#8221;{}&#8221;][et_pb_column type=&#8221;1_4&#8243; module_class=&#8221;anuncio4colfull&#8221; _builder_version=&#8221;4.16&#8243; custom_padding=&#8221;15px|0px|0px|0px&#8221; global_colors_info=&#8221;{}&#8221; custom_padding__hover=&#8221;|||&#8221;][et_pb_blurb url=&#8221;https:\/\/musicaalcastell.com\/ca\/programacio\/septeto-santiaguero\/&#8221; image=&#8221;http:\/\/musicaalcastell.com\/wp-content\/uploads\/2022\/08\/Musica-al-castell-Eltakataka-SEPTETO-SANTIAGUERO3.jpg&#8221; module_class=&#8221;grupoprog&#8221; _builder_version=&#8221;4.17.4&#8243; body_text_color=&#8221;#000000&#8243; body_font_size=&#8221;17&#8243; background_color=&#8221;#faf1e8&#8243; background_size=&#8221;initial&#8221; background_position=&#8221;top_left&#8221; background_repeat=&#8221;repeat&#8221; custom_margin=&#8221;|0px|30px|0px&#8221; custom_padding=&#8221;|0px||0px&#8221; z_index_tablet=&#8221;500&#8243; custom_css_blurb_image=&#8221;margin-bottom:10px;&#8221; use_border_color=&#8221;off&#8221; border_color=&#8221;#ffffff&#8221; border_style=&#8221;solid&#8221; global_colors_info=&#8221;{}&#8221;]<\/p>\n<p><a style=\"color: #000;\" href=\"https:\/\/musicaalcastell.com\/programacion\/septeto-santiaguero\/\">SEPTETO SANTIAGUERO<\/a><\/p>\n<p>[\/et_pb_blurb][\/et_pb_column][et_pb_column type=&#8221;1_4&#8243; module_class=&#8221;anuncio4colfull&#8221; _builder_version=&#8221;4.16&#8243; custom_padding=&#8221;15px|0px|0px|0px&#8221; global_colors_info=&#8221;{}&#8221; custom_padding__hover=&#8221;|||&#8221;][et_pb_blurb url=&#8221;https:\/\/musicaalcastell.com\/programacion\/jonatan-penalba\/&#8221; image=&#8221;http:\/\/musicaalcastell.com\/wp-content\/uploads\/2022\/08\/Musica-al-castell-Eltakataka-SEPTETO-SANTIAGUERO1.jpg&#8221; image_icon_width=&#8221;none&#8221; module_class=&#8221;grupoprog&#8221; _builder_version=&#8221;4.17.4&#8243; body_text_color=&#8221;#000000&#8243; body_font_size=&#8221;17&#8243; background_color=&#8221;#faf1e8&#8243; background_size=&#8221;initial&#8221; background_position=&#8221;top_left&#8221; background_repeat=&#8221;repeat&#8221; max_width_tablet=&#8221;50px&#8221; custom_margin=&#8221;|0px|30px|0px&#8221; custom_padding=&#8221;|0px||0px&#8221; z_index_tablet=&#8221;500&#8243; custom_css_blurb_image=&#8221;margin-bottom:10px;&#8221; custom_css_blurb_content=&#8221;min-height:30px;&#8221; use_border_color=&#8221;off&#8221; image_max_width=&#8221;none&#8221; global_colors_info=&#8221;{}&#8221;]<\/p>\n<p><a style=\"color: #000;\" href=\"https:\/\/musicaalcastell.com\/programacion\/septeto-santiaguero\/\">M\u00fasica tradicional cubana.<\/a><\/p>\n<p>[\/et_pb_blurb][\/et_pb_column][et_pb_column type=&#8221;1_4&#8243; module_class=&#8221;anuncio4colfull&#8221; _builder_version=&#8221;4.16&#8243; custom_padding=&#8221;15px|0px|0px|0px&#8221; global_colors_info=&#8221;{}&#8221; custom_padding__hover=&#8221;|||&#8221;][et_pb_blurb image=&#8221;http:\/\/musicaalcastell.com\/wp-content\/uploads\/2022\/08\/Musica-al-castell-Eltakataka-SEPTETO-SANTIAGUERO2.jpg&#8221; image_icon_width=&#8221;none&#8221; module_class=&#8221;grupoprog&#8221; _builder_version=&#8221;4.17.4&#8243; body_text_color=&#8221;#000000&#8243; body_font_size=&#8221;17&#8243; background_color=&#8221;#faf1e8&#8243; background_size=&#8221;initial&#8221; background_position=&#8221;top_left&#8221; background_repeat=&#8221;repeat&#8221; max_width_tablet=&#8221;50px&#8221; custom_margin=&#8221;|0px|30px|0px&#8221; custom_padding=&#8221;|0px||0px&#8221; z_index_tablet=&#8221;500&#8243; custom_css_blurb_image=&#8221;margin-bottom:10px;&#8221; use_border_color=&#8221;off&#8221; image_max_width=&#8221;none&#8221; global_colors_info=&#8221;{}&#8221;][\/et_pb_blurb][\/et_pb_column][et_pb_column type=&#8221;1_4&#8243; module_class=&#8221;anuncio4colfull&#8221; _builder_version=&#8221;4.16&#8243; custom_padding=&#8221;15px|0px|0px|0px&#8221; global_colors_info=&#8221;{}&#8221; custom_padding__hover=&#8221;|||&#8221;][et_pb_blurb image=&#8221;http:\/\/musicaalcastell.com\/wp-content\/uploads\/2022\/08\/Musica-al-castell-Eltakataka-SEPTETO-SANTIAGUERO4.jpg&#8221; image_icon_width=&#8221;none&#8221; module_class=&#8221;grupoprog&#8221; _builder_version=&#8221;4.17.4&#8243; body_text_color=&#8221;#000000&#8243; body_font_size=&#8221;17&#8243; background_color=&#8221;#faf1e8&#8243; background_size=&#8221;initial&#8221; background_position=&#8221;top_left&#8221; background_repeat=&#8221;repeat&#8221; max_width_tablet=&#8221;50px&#8221; custom_margin=&#8221;|0px|30px|0px&#8221; custom_padding=&#8221;|0px||0px&#8221; z_index_tablet=&#8221;500&#8243; custom_css_blurb_image=&#8221;margin-bottom:10px;&#8221; custom_css_blurb_content=&#8221;min-height:30px;&#8221; use_border_color=&#8221;off&#8221; image_max_width=&#8221;none&#8221; global_colors_info=&#8221;{}&#8221;][\/et_pb_blurb][\/et_pb_column][\/et_pb_row][et_pb_row column_structure=&#8221;1_4,1_4,1_4,1_4&#8243; padding_mobile=&#8221;off&#8221; column_padding_mobile=&#8221;on&#8221; _builder_version=&#8221;4.16&#8243; background_size=&#8221;initial&#8221; background_position=&#8221;top_left&#8221; background_repeat=&#8221;repeat&#8221; width=&#8221;100%&#8221; max_width=&#8221;100%&#8221; custom_margin=&#8221;15px|0px|0px|0px&#8221; custom_padding=&#8221;0px|0px|0px|0px&#8221; custom_css_main_element=&#8221;width:100%!important;&#8221; make_fullwidth=&#8221;on&#8221; use_custom_width=&#8221;on&#8221; width_unit=&#8221;off&#8221; custom_width_percent=&#8221;100%&#8221; global_colors_info=&#8221;{}&#8221;][et_pb_column type=&#8221;1_4&#8243; module_class=&#8221;anuncio4colfull&#8221; _builder_version=&#8221;4.16&#8243; custom_padding=&#8221;15px|0px|0px|0px&#8221; global_colors_info=&#8221;{}&#8221; custom_padding__hover=&#8221;|||&#8221;][et_pb_blurb url=&#8221;https:\/\/musicaalcastell.com\/ca\/programacio\/los-hermanos-cubero\/&#8221; image=&#8221;http:\/\/musicaalcastell.com\/wp-content\/uploads\/2022\/08\/Musica-al-castell-Eltakataka-HERMANOS-CUBERO.jpg&#8221; module_class=&#8221;grupoprog&#8221; _builder_version=&#8221;4.17.4&#8243; body_text_color=&#8221;#000000&#8243; body_font_size=&#8221;17&#8243; background_color=&#8221;#faf1e8&#8243; background_size=&#8221;initial&#8221; background_position=&#8221;top_left&#8221; background_repeat=&#8221;repeat&#8221; custom_margin=&#8221;|0px|30px|0px&#8221; custom_padding=&#8221;|0px||0px&#8221; z_index_tablet=&#8221;500&#8243; custom_css_blurb_image=&#8221;margin-bottom:10px;&#8221; use_border_color=&#8221;off&#8221; border_color=&#8221;#ffffff&#8221; border_style=&#8221;solid&#8221; global_colors_info=&#8221;{}&#8221;]<\/p>\n<p><a style=\"color: #000;\" href=\"https:\/\/musicaalcastell.com\/programacion\/los-hermanos-cubero\/\">LOS HERMANOS CUBERO<\/a><\/p>\n<p>[\/et_pb_blurb][\/et_pb_column][et_pb_column type=&#8221;1_4&#8243; module_class=&#8221;anuncio4colfull&#8221; _builder_version=&#8221;4.16&#8243; custom_padding=&#8221;15px|0px|0px|0px&#8221; global_colors_info=&#8221;{}&#8221; custom_padding__hover=&#8221;|||&#8221;][et_pb_blurb url=&#8221;https:\/\/musicaalcastell.com\/programacion\/jonatan-penalba\/&#8221; image=&#8221;http:\/\/musicaalcastell.com\/wp-content\/uploads\/2022\/08\/Musica-al-castell-Eltakataka-HERMANOS-CUBERO1.jpg&#8221; image_icon_width=&#8221;none&#8221; module_class=&#8221;grupoprog&#8221; _builder_version=&#8221;4.17.4&#8243; body_text_color=&#8221;#000000&#8243; body_font_size=&#8221;17&#8243; background_color=&#8221;#faf1e8&#8243; background_size=&#8221;initial&#8221; background_position=&#8221;top_left&#8221; background_repeat=&#8221;repeat&#8221; max_width_tablet=&#8221;50px&#8221; custom_margin=&#8221;|0px|30px|0px&#8221; custom_padding=&#8221;|0px||0px&#8221; z_index_tablet=&#8221;500&#8243; custom_css_blurb_image=&#8221;margin-bottom:10px;&#8221; custom_css_blurb_content=&#8221;min-height:30px;&#8221; use_border_color=&#8221;off&#8221; image_max_width=&#8221;none&#8221; global_colors_info=&#8221;{}&#8221;]<a style=\"color: #000;\" href=\"https:\/\/musicaalcastell.com\/programacion\/los-hermanos-cubero\/\">Doble \u00e0lbum, Errantes tel\u00faricos\/Proyecto Toribio<\/a>[\/et_pb_blurb][\/et_pb_column][et_pb_column type=&#8221;1_4&#8243; module_class=&#8221;anuncio4colfull&#8221; _builder_version=&#8221;4.16&#8243; custom_padding=&#8221;15px|0px|0px|0px&#8221; global_colors_info=&#8221;{}&#8221; custom_padding__hover=&#8221;|||&#8221;][et_pb_blurb image=&#8221;http:\/\/musicaalcastell.com\/wp-content\/uploads\/2022\/08\/Musica-al-castell-Eltakataka-HERMANOS-CUBERO2.jpg&#8221; image_icon_width=&#8221;none&#8221; module_class=&#8221;grupoprog&#8221; _builder_version=&#8221;4.17.4&#8243; body_text_color=&#8221;#000000&#8243; body_font_size=&#8221;17&#8243; background_color=&#8221;#faf1e8&#8243; background_size=&#8221;initial&#8221; background_position=&#8221;top_left&#8221; background_repeat=&#8221;repeat&#8221; max_width_tablet=&#8221;50px&#8221; custom_margin=&#8221;|0px|30px|0px&#8221; custom_padding=&#8221;|0px||0px&#8221; z_index_tablet=&#8221;500&#8243; custom_css_blurb_image=&#8221;margin-bottom:10px;&#8221; use_border_color=&#8221;off&#8221; image_max_width=&#8221;none&#8221; global_colors_info=&#8221;{}&#8221;][\/et_pb_blurb][\/et_pb_column][et_pb_column type=&#8221;1_4&#8243; module_class=&#8221;anuncio4colfull&#8221; _builder_version=&#8221;4.16&#8243; custom_padding=&#8221;15px|0px|0px|0px&#8221; global_colors_info=&#8221;{}&#8221; custom_padding__hover=&#8221;|||&#8221;][et_pb_blurb image=&#8221;http:\/\/musicaalcastell.com\/wp-content\/uploads\/2022\/08\/Musica-al-castell-Eltakataka-HERMANOS-CUBERO4.jpg&#8221; image_icon_width=&#8221;none&#8221; module_class=&#8221;grupoprog&#8221; _builder_version=&#8221;4.17.4&#8243; body_text_color=&#8221;#000000&#8243; body_font_size=&#8221;17&#8243; background_color=&#8221;#faf1e8&#8243; background_size=&#8221;initial&#8221; background_position=&#8221;top_left&#8221; background_repeat=&#8221;repeat&#8221; max_width_tablet=&#8221;50px&#8221; custom_margin=&#8221;|0px|30px|0px&#8221; custom_padding=&#8221;|0px||0px&#8221; z_index_tablet=&#8221;500&#8243; custom_css_blurb_image=&#8221;margin-bottom:10px;&#8221; custom_css_blurb_content=&#8221;min-height:30px;&#8221; use_border_color=&#8221;off&#8221; image_max_width=&#8221;none&#8221; global_colors_info=&#8221;{}&#8221;][\/et_pb_blurb][\/et_pb_column][\/et_pb_row][et_pb_row column_structure=&#8221;1_4,1_4,1_4,1_4&#8243; padding_mobile=&#8221;off&#8221; column_padding_mobile=&#8221;on&#8221; _builder_version=&#8221;4.16&#8243; background_size=&#8221;initial&#8221; background_position=&#8221;top_left&#8221; background_repeat=&#8221;repeat&#8221; width=&#8221;100%&#8221; max_width=&#8221;100%&#8221; custom_margin=&#8221;15px|0px|0px|0px&#8221; custom_padding=&#8221;0px|0px|0px|0px&#8221; custom_css_main_element=&#8221;width:100%!important;&#8221; make_fullwidth=&#8221;on&#8221; use_custom_width=&#8221;on&#8221; width_unit=&#8221;off&#8221; custom_width_percent=&#8221;100%&#8221; global_colors_info=&#8221;{}&#8221;][et_pb_column type=&#8221;1_4&#8243; module_class=&#8221;anuncio4colfull&#8221; _builder_version=&#8221;4.16&#8243; custom_padding=&#8221;15px|0px|0px|0px&#8221; global_colors_info=&#8221;{}&#8221; custom_padding__hover=&#8221;|||&#8221;][et_pb_blurb url=&#8221;https:\/\/musicaalcastell.com\/ca\/programacio\/kiko-veneno\/&#8221; image=&#8221;http:\/\/musicaalcastell.com\/wp-content\/uploads\/2022\/08\/Musica-al-castell-Eltakataka-KIKO-VENENO2.jpg&#8221; module_class=&#8221;grupoprog&#8221; _builder_version=&#8221;4.17.4&#8243; body_text_color=&#8221;#000000&#8243; body_font_size=&#8221;17&#8243; background_color=&#8221;#faf1e8&#8243; background_size=&#8221;initial&#8221; background_position=&#8221;top_left&#8221; background_repeat=&#8221;repeat&#8221; custom_margin=&#8221;|0px|30px|0px&#8221; custom_padding=&#8221;|0px||0px&#8221; z_index_tablet=&#8221;500&#8243; custom_css_blurb_image=&#8221;margin-bottom:10px;&#8221; use_border_color=&#8221;off&#8221; border_color=&#8221;#ffffff&#8221; border_style=&#8221;solid&#8221; global_colors_info=&#8221;{}&#8221;]<\/p>\n<p><a style=\"color: #000;\" href=\"https:\/\/musicaalcastell.com\/programacion\/kiko-veneno\/\">KIKO VENENO<\/a><\/p>\n<p>[\/et_pb_blurb][\/et_pb_column][et_pb_column type=&#8221;1_4&#8243; module_class=&#8221;anuncio4colfull&#8221; _builder_version=&#8221;4.16&#8243; custom_padding=&#8221;15px|0px|0px|0px&#8221; global_colors_info=&#8221;{}&#8221; custom_padding__hover=&#8221;|||&#8221;][et_pb_blurb url=&#8221;https:\/\/musicaalcastell.com\/programacion\/jonatan-penalba\/&#8221; image=&#8221;http:\/\/musicaalcastell.com\/wp-content\/uploads\/2022\/08\/Musica-al-castell-Eltakataka-KIKO-VENENO.jpg&#8221; image_icon_width=&#8221;none&#8221; module_class=&#8221;grupoprog&#8221; _builder_version=&#8221;4.17.4&#8243; body_text_color=&#8221;#000000&#8243; body_font_size=&#8221;17&#8243; background_color=&#8221;#faf1e8&#8243; background_size=&#8221;initial&#8221; background_position=&#8221;top_left&#8221; background_repeat=&#8221;repeat&#8221; max_width_tablet=&#8221;50px&#8221; custom_margin=&#8221;|0px|30px|0px&#8221; custom_padding=&#8221;|0px||0px&#8221; z_index_tablet=&#8221;500&#8243; custom_css_blurb_image=&#8221;margin-bottom:10px;&#8221; custom_css_blurb_content=&#8221;min-height:30px;&#8221; use_border_color=&#8221;off&#8221; image_max_width=&#8221;none&#8221; global_colors_info=&#8221;{}&#8221;]<\/p>\n<p><a style=\"color: #000;\" href=\"https:\/\/musicaalcastell.com\/programacion\/kiko-veneno\/\">\u00daltims discos: \u00abHAMBRE\u00bb i \u00abSOMBRERO ROTO\u00bb<\/a><\/p>\n<p>[\/et_pb_blurb][\/et_pb_column][et_pb_column type=&#8221;1_4&#8243; module_class=&#8221;anuncio4colfull&#8221; _builder_version=&#8221;4.16&#8243; custom_padding=&#8221;15px|0px|0px|0px&#8221; global_colors_info=&#8221;{}&#8221; custom_padding__hover=&#8221;|||&#8221;][et_pb_blurb image=&#8221;http:\/\/musicaalcastell.com\/wp-content\/uploads\/2022\/08\/Musica-al-castell-Eltakataka-KIKO-VENENO1.jpg&#8221; image_icon_width=&#8221;none&#8221; module_class=&#8221;grupoprog&#8221; _builder_version=&#8221;4.17.4&#8243; body_text_color=&#8221;#000000&#8243; body_font_size=&#8221;17&#8243; background_color=&#8221;#faf1e8&#8243; background_size=&#8221;initial&#8221; background_position=&#8221;top_left&#8221; background_repeat=&#8221;repeat&#8221; max_width_tablet=&#8221;50px&#8221; custom_margin=&#8221;|0px|30px|0px&#8221; custom_padding=&#8221;|0px||0px&#8221; z_index_tablet=&#8221;500&#8243; custom_css_blurb_image=&#8221;margin-bottom:10px;&#8221; use_border_color=&#8221;off&#8221; image_max_width=&#8221;none&#8221; global_colors_info=&#8221;{}&#8221;][\/et_pb_blurb][\/et_pb_column][et_pb_column type=&#8221;1_4&#8243; module_class=&#8221;anuncio4colfull&#8221; _builder_version=&#8221;4.16&#8243; custom_padding=&#8221;15px|0px|0px|0px&#8221; global_colors_info=&#8221;{}&#8221; custom_padding__hover=&#8221;|||&#8221;][et_pb_blurb image=&#8221;http:\/\/musicaalcastell.com\/wp-content\/uploads\/2022\/08\/Musica-al-castell-Eltakataka-KIKO-VENENO3.jpg&#8221; image_icon_width=&#8221;none&#8221; module_class=&#8221;grupoprog&#8221; _builder_version=&#8221;4.17.4&#8243; body_text_color=&#8221;#000000&#8243; body_font_size=&#8221;17&#8243; background_color=&#8221;#faf1e8&#8243; background_size=&#8221;initial&#8221; background_position=&#8221;top_left&#8221; background_repeat=&#8221;repeat&#8221; max_width_tablet=&#8221;50px&#8221; custom_margin=&#8221;|0px|30px|0px&#8221; custom_padding=&#8221;|0px||0px&#8221; z_index_tablet=&#8221;500&#8243; custom_css_blurb_image=&#8221;margin-bottom:10px;&#8221; custom_css_blurb_content=&#8221;min-height:30px;&#8221; use_border_color=&#8221;off&#8221; image_max_width=&#8221;none&#8221; global_colors_info=&#8221;{}&#8221;][\/et_pb_blurb][\/et_pb_column][\/et_pb_row][et_pb_row column_structure=&#8221;1_4,1_4,1_4,1_4&#8243; padding_mobile=&#8221;off&#8221; column_padding_mobile=&#8221;on&#8221; _builder_version=&#8221;4.16&#8243; background_size=&#8221;initial&#8221; background_position=&#8221;top_left&#8221; background_repeat=&#8221;repeat&#8221; width=&#8221;100%&#8221; max_width=&#8221;100%&#8221; custom_margin=&#8221;15px|0px|0px|0px&#8221; custom_padding=&#8221;0px|0px|0px|0px&#8221; custom_css_main_element=&#8221;width:100%!important;&#8221; make_fullwidth=&#8221;on&#8221; use_custom_width=&#8221;on&#8221; width_unit=&#8221;off&#8221; custom_width_percent=&#8221;100%&#8221; global_colors_info=&#8221;{}&#8221;][et_pb_column type=&#8221;1_4&#8243; module_class=&#8221;anuncio4colfull&#8221; _builder_version=&#8221;4.16&#8243; custom_padding=&#8221;15px|0px|0px|0px&#8221; global_colors_info=&#8221;{}&#8221; custom_padding__hover=&#8221;|||&#8221;][et_pb_blurb url=&#8221;https:\/\/musicaalcastell.com\/ca\/programacio\/#conciertos-plaza-consell-2&#8243; image=&#8221;http:\/\/musicaalcastell.com\/wp-content\/uploads\/2022\/08\/Musica-al-castell-Eltakataka-LA-COLLA.jpg&#8221; module_class=&#8221;grupoprog&#8221; _builder_version=&#8221;4.17.4&#8243; body_text_color=&#8221;#000000&#8243; body_font_size=&#8221;17&#8243; background_color=&#8221;#faf1e8&#8243; background_size=&#8221;initial&#8221; background_position=&#8221;top_left&#8221; background_repeat=&#8221;repeat&#8221; custom_margin=&#8221;|0px|30px|0px&#8221; custom_padding=&#8221;|0px||0px&#8221; z_index_tablet=&#8221;500&#8243; custom_css_blurb_image=&#8221;margin-bottom:10px;&#8221; use_border_color=&#8221;off&#8221; border_color=&#8221;#ffffff&#8221; border_style=&#8221;solid&#8221; global_colors_info=&#8221;{}&#8221;]<\/p>\n<p><a style=\"color: #000;\" href=\"https:\/\/musicaalcastell.com\/programacion\/#conciertos-plaza-consell-2\">COLLA DE DOL\u00c7AINERS de BENISSA \u201cPERE BIGOT\u201d<\/a><\/p>\n<p>[\/et_pb_blurb][\/et_pb_column][et_pb_column type=&#8221;1_4&#8243; module_class=&#8221;anuncio4colfull&#8221; _builder_version=&#8221;4.16&#8243; custom_padding=&#8221;15px|0px|0px|0px&#8221; global_colors_info=&#8221;{}&#8221; custom_padding__hover=&#8221;|||&#8221;][et_pb_blurb url=&#8221;https:\/\/musicaalcastell.com\/programacion\/jonatan-penalba\/&#8221; image=&#8221;http:\/\/musicaalcastell.com\/wp-content\/uploads\/2022\/08\/Musica-al-castell-Eltakataka-LA-COLLA1.jpg&#8221; image_icon_width=&#8221;none&#8221; module_class=&#8221;grupoprog&#8221; _builder_version=&#8221;4.17.4&#8243; body_text_color=&#8221;#000000&#8243; body_font_size=&#8221;17&#8243; background_color=&#8221;#faf1e8&#8243; background_size=&#8221;initial&#8221; background_position=&#8221;top_left&#8221; background_repeat=&#8221;repeat&#8221; max_width_tablet=&#8221;50px&#8221; custom_margin=&#8221;|0px|30px|0px&#8221; custom_padding=&#8221;|0px||0px&#8221; z_index_tablet=&#8221;500&#8243; custom_css_blurb_image=&#8221;margin-bottom:10px;&#8221; custom_css_blurb_content=&#8221;min-height:30px;&#8221; use_border_color=&#8221;off&#8221; image_max_width=&#8221;none&#8221; global_colors_info=&#8221;{}&#8221;]<\/p>\n<p><a style=\"color: #000;\" href=\"https:\/\/musicaalcastell.com\/programacion\/#conciertos-plaza-consell-2\">\u201cARRELS DE FESTA\u201d<\/a><\/p>\n<p>[\/et_pb_blurb][\/et_pb_column][et_pb_column type=&#8221;1_4&#8243; module_class=&#8221;anuncio4colfull&#8221; _builder_version=&#8221;4.16&#8243; custom_padding=&#8221;15px|0px|0px|0px&#8221; global_colors_info=&#8221;{}&#8221; custom_padding__hover=&#8221;|||&#8221;][et_pb_blurb image=&#8221;http:\/\/musicaalcastell.com\/wp-content\/uploads\/2022\/08\/Musica-al-castell-Eltakataka-LA-COLLA2.jpg&#8221; image_icon_width=&#8221;none&#8221; module_class=&#8221;grupoprog&#8221; _builder_version=&#8221;4.17.4&#8243; body_text_color=&#8221;#000000&#8243; body_font_size=&#8221;17&#8243; background_color=&#8221;#faf1e8&#8243; background_size=&#8221;initial&#8221; background_position=&#8221;top_left&#8221; background_repeat=&#8221;repeat&#8221; max_width_tablet=&#8221;50px&#8221; custom_margin=&#8221;|0px|30px|0px&#8221; custom_padding=&#8221;|0px||0px&#8221; z_index_tablet=&#8221;500&#8243; custom_css_blurb_image=&#8221;margin-bottom:10px;&#8221; use_border_color=&#8221;off&#8221; image_max_width=&#8221;none&#8221; global_colors_info=&#8221;{}&#8221;][\/et_pb_blurb][\/et_pb_column][et_pb_column type=&#8221;1_4&#8243; module_class=&#8221;anuncio4colfull&#8221; _builder_version=&#8221;4.16&#8243; custom_padding=&#8221;15px|0px|0px|0px&#8221; global_colors_info=&#8221;{}&#8221; custom_padding__hover=&#8221;|||&#8221;][et_pb_blurb image=&#8221;http:\/\/musicaalcastell.com\/wp-content\/uploads\/2022\/08\/Musica-al-castell-Eltakataka-LA-COLLA3.jpg&#8221; image_icon_width=&#8221;none&#8221; module_class=&#8221;grupoprog&#8221; _builder_version=&#8221;4.17.4&#8243; body_text_color=&#8221;#000000&#8243; body_font_size=&#8221;17&#8243; background_color=&#8221;#faf1e8&#8243; background_size=&#8221;initial&#8221; background_position=&#8221;top_left&#8221; background_repeat=&#8221;repeat&#8221; max_width_tablet=&#8221;50px&#8221; custom_margin=&#8221;|0px|30px|0px&#8221; custom_padding=&#8221;|0px||0px&#8221; z_index_tablet=&#8221;500&#8243; custom_css_blurb_image=&#8221;margin-bottom:10px;&#8221; custom_css_blurb_content=&#8221;min-height:30px;&#8221; use_border_color=&#8221;off&#8221; image_max_width=&#8221;none&#8221; global_colors_info=&#8221;{}&#8221;][\/et_pb_blurb][\/et_pb_column][\/et_pb_row][\/et_pb_section]<\/p>\n","protected":false},"excerpt":{"rendered":"<p>XXX Festival M\u00fasica amb \u00c0nima Mediterr\u00e0nia. Del 21 al 31 de juliol, el Festival M\u00fasica al Castell ha celebrat la 30a edici\u00f3 amb un cartell de luxe que ha rebut una gran acollida per part del p\u00fablic: un total de 3.538 persones han assistit als concerts celebrats al castell (Miquel Gil i No\u00e8lia Llorens &#8216;Titana&#8217;, [&hellip;]<\/p>\n","protected":false},"author":1,"featured_media":0,"parent":0,"menu_order":0,"comment_status":"closed","ping_status":"closed","template":"","meta":{"_et_pb_use_builder":"on","_et_pb_old_content":"","_et_gb_content_width":"","footnotes":"","_links_to":"","_links_to_target":""},"class_list":["post-7525","page","type-page","status-publish","hentry"],"_links":{"self":[{"href":"https:\/\/musicaalcastell.com\/ca\/wp-json\/wp\/v2\/pages\/7525","targetHints":{"allow":["GET"]}}],"collection":[{"href":"https:\/\/musicaalcastell.com\/ca\/wp-json\/wp\/v2\/pages"}],"about":[{"href":"https:\/\/musicaalcastell.com\/ca\/wp-json\/wp\/v2\/types\/page"}],"author":[{"embeddable":true,"href":"https:\/\/musicaalcastell.com\/ca\/wp-json\/wp\/v2\/users\/1"}],"replies":[{"embeddable":true,"href":"https:\/\/musicaalcastell.com\/ca\/wp-json\/wp\/v2\/comments?post=7525"}],"version-history":[{"count":0,"href":"https:\/\/musicaalcastell.com\/ca\/wp-json\/wp\/v2\/pages\/7525\/revisions"}],"wp:attachment":[{"href":"https:\/\/musicaalcastell.com\/ca\/wp-json\/wp\/v2\/media?parent=7525"}],"curies":[{"name":"wp","href":"https:\/\/api.w.org\/{rel}","templated":true}]}}