{"id":4859,"date":"2021-06-21T10:50:42","date_gmt":"2021-06-21T10:50:42","guid":{"rendered":"https:\/\/musicaalcastell.com\/aviso-legal-politica-de-privacidad\/"},"modified":"2022-05-19T16:38:18","modified_gmt":"2022-05-19T16:38:18","slug":"aviso-legal-politica-de-privacidad","status":"publish","type":"page","link":"https:\/\/musicaalcastell.com\/ca\/aviso-legal-politica-de-privacidad\/","title":{"rendered":"AV\u00cdS LEGAL \u2022 POL\u00cdTICA DE PRIVACITAT"},"content":{"rendered":"<p>[et_pb_section fb_built=&#8221;1&#8243; _builder_version=&#8221;4.17.3&#8243; _module_preset=&#8221;default&#8221; background_color=&#8221;#f5f0e7&#8243; background_image=&#8221;https:\/\/musicaalcastell.com\/wp-content\/uploads\/2022\/05\/escala-menu2.png&#8221; background_enable_image=&#8221;off&#8221; background_size=&#8221;initial&#8221; background_position=&#8221;top_left&#8221; width_last_edited=&#8221;off|desktop&#8221; max_width_last_edited=&#8221;off|desktop&#8221; custom_margin=&#8221;||||false|false&#8221; custom_padding=&#8221;0px||0px||false|false&#8221; background_last_edited=&#8221;on|phone&#8221; saved_tabs=&#8221;all&#8221; global_colors_info=&#8221;{}&#8221; global_module=&#8221;5535&#8243; theme_builder_area=&#8221;post_content&#8221;][et_pb_row column_structure=&#8221;1_3,1_3,1_3&#8243; use_custom_gutter=&#8221;on&#8221; gutter_width=&#8221;1&#8243; disabled_on=&#8221;on|off|off&#8221; _builder_version=&#8221;4.17.3&#8243; _module_preset=&#8221;default&#8221; background_enable_color=&#8221;off&#8221; background_enable_image=&#8221;off&#8221; background_size=&#8221;contain&#8221; width=&#8221;100%&#8221; max_width=&#8221;100%&#8221; custom_margin=&#8221;||0px||false|false&#8221; custom_padding=&#8221;0px||0px||false|false&#8221; global_colors_info=&#8221;{}&#8221; theme_builder_area=&#8221;post_content&#8221;][et_pb_column type=&#8221;1_3&#8243; _builder_version=&#8221;4.17.3&#8243; _module_preset=&#8221;default&#8221; global_colors_info=&#8221;{}&#8221; theme_builder_area=&#8221;post_content&#8221;][et_pb_image src=&#8221;https:\/\/musicaalcastell.com\/wp-content\/uploads\/2022\/05\/musicaalcastell-2022.jpg&#8221; title_text=&#8221;musicaalcastell-2022&#8243; _builder_version=&#8221;4.17.3&#8243; _module_preset=&#8221;default&#8221; global_colors_info=&#8221;{}&#8221; theme_builder_area=&#8221;post_content&#8221;][\/et_pb_image][\/et_pb_column][et_pb_column type=&#8221;1_3&#8243; _builder_version=&#8221;4.17.3&#8243; _module_preset=&#8221;default&#8221; global_colors_info=&#8221;{}&#8221; theme_builder_area=&#8221;post_content&#8221;][et_pb_image src=&#8221;https:\/\/musicaalcastell.com\/wp-content\/uploads\/2022\/05\/musica-2022-c.jpg&#8221; title_text=&#8221;musica-2022-c&#8221; _builder_version=&#8221;4.17.3&#8243; _module_preset=&#8221;default&#8221; global_colors_info=&#8221;{}&#8221; theme_builder_area=&#8221;post_content&#8221;][\/et_pb_image][\/et_pb_column][et_pb_column type=&#8221;1_3&#8243; _builder_version=&#8221;4.17.3&#8243; _module_preset=&#8221;default&#8221; background_color=&#8221;#edc228&#8243; global_colors_info=&#8221;{}&#8221; theme_builder_area=&#8221;post_content&#8221;][et_pb_image src=&#8221;https:\/\/musicaalcastell.com\/wp-content\/uploads\/2022\/05\/musica-denia-2022.jpg&#8221; title_text=&#8221;musica-denia-2022&#8243; _builder_version=&#8221;4.17.3&#8243; _module_preset=&#8221;default&#8221; global_colors_info=&#8221;{}&#8221; theme_builder_area=&#8221;post_content&#8221;][\/et_pb_image][\/et_pb_column][\/et_pb_row][et_pb_row use_custom_gutter=&#8221;on&#8221; gutter_width=&#8221;1&#8243; disabled_on=&#8221;off|on|on&#8221; _builder_version=&#8221;4.17.3&#8243; _module_preset=&#8221;default&#8221; background_enable_color=&#8221;off&#8221; background_enable_image=&#8221;off&#8221; background_size=&#8221;contain&#8221; width=&#8221;100%&#8221; max_width=&#8221;100%&#8221; custom_margin=&#8221;||0px||false|false&#8221; custom_padding=&#8221;0px||0px||false|false&#8221; global_colors_info=&#8221;{}&#8221; theme_builder_area=&#8221;post_content&#8221;][et_pb_column type=&#8221;4_4&#8243; _builder_version=&#8221;4.17.3&#8243; _module_preset=&#8221;default&#8221; global_colors_info=&#8221;{}&#8221; theme_builder_area=&#8221;post_content&#8221;][et_pb_image src=&#8221;https:\/\/musicaalcastell.com\/wp-content\/uploads\/2022\/05\/CABECERA-movil-cast3.jpg&#8221; title_text=&#8221;CABECERA-movil-cast3&#8243; align=&#8221;center&#8221; _builder_version=&#8221;4.17.3&#8243; _module_preset=&#8221;default&#8221; custom_margin=&#8221;||0px||false|false&#8221; custom_padding=&#8221;||0px||false|false&#8221; global_colors_info=&#8221;{}&#8221; theme_builder_area=&#8221;post_content&#8221;][\/et_pb_image][\/et_pb_column][\/et_pb_row][\/et_pb_section][et_pb_section fb_built=&#8221;1&#8243; _builder_version=&#8221;4.16&#8243; custom_padding=&#8221;40px||1px|&#8221; z_index_tablet=&#8221;500&#8243; global_colors_info=&#8221;{}&#8221;][et_pb_row _builder_version=&#8221;4.16&#8243; background_size=&#8221;initial&#8221; background_position=&#8221;top_left&#8221; background_repeat=&#8221;repeat&#8221; global_colors_info=&#8221;{}&#8221;][et_pb_column type=&#8221;4_4&#8243; _builder_version=&#8221;4.16&#8243; custom_padding=&#8221;|||&#8221; global_colors_info=&#8221;{}&#8221; custom_padding__hover=&#8221;|||&#8221;][et_pb_text _builder_version=&#8221;4.16&#8243; text_orientation=&#8221;center&#8221; custom_margin=&#8221;0px||0px|&#8221; custom_padding=&#8221;0px||0px|&#8221; z_index_tablet=&#8221;500&#8243; global_colors_info=&#8221;{}&#8221;]<\/p>\n<h5><span style=\"color: #c09209;\">AV\u00cdS LEGAL \u2022 POL\u00cdTICA DE PRIVACITAT<\/span><\/h5>\n<p>[\/et_pb_text][\/et_pb_column][\/et_pb_row][\/et_pb_section][et_pb_section fb_built=&#8221;1&#8243; _builder_version=&#8221;4.16&#8243; custom_padding=&#8221;10px|||&#8221; z_index_tablet=&#8221;500&#8243; global_colors_info=&#8221;{}&#8221;][et_pb_row _builder_version=&#8221;4.16&#8243; background_size=&#8221;initial&#8221; background_position=&#8221;top_left&#8221; background_repeat=&#8221;repeat&#8221; global_colors_info=&#8221;{}&#8221;][et_pb_column type=&#8221;4_4&#8243; _builder_version=&#8221;4.16&#8243; custom_padding=&#8221;|||&#8221; global_colors_info=&#8221;{}&#8221; custom_padding__hover=&#8221;|||&#8221;][et_pb_text _builder_version=&#8221;4.16&#8243; z_index_tablet=&#8221;500&#8243; global_colors_info=&#8221;{}&#8221;]<\/p>\n<h5 style=\"text-align: justify;\"><strong>Av\u00eds legal \u00b7 condicions generals d&#8217;\u00fas del portal<\/strong><\/h5>\n<p style=\"text-align: justify;\">Av\u00eds Legal i Condicions d&#8217;\u00das que regulen l&#8217;acc\u00e9s, navegaci\u00f3 i \u00fas del Portal d&#8217;Internet de l&#8217;Ajuntament de D\u00e9nia (d&#8217;ara endavant, \u201cl&#8217;Ajuntament\u201d) situada en la URL www.denia.es (d&#8217;ara endavant, el \u201cPortal Web\u201d).<\/p>\n<p>Aquest Portal Web compleix amb el que s&#8217;estableix en l&#8217;article 39 de la Llei 40\/2015, d&#8217;1 d&#8217;octubre, de R\u00e8gim Jur\u00eddic del Sector P\u00fablic.<\/p>\n<p>Article 39. Portal d&#8217;internet.<\/p>\n<p>S&#8217;ent\u00e9n per portal d&#8217;internet el punt d&#8217;acc\u00e9s electr\u00f2nic la titularitat del qual corresponga a una Administraci\u00f3 P\u00fablica, organisme p\u00fablic o entitat de Dret P\u00fablic que permet l&#8217;acc\u00e9s a trav\u00e9s d&#8217;internet a la informaci\u00f3 publicada i, si escau, a la seu electr\u00f2nica corresponent.<\/p>\n<p>S&#8217;entendr\u00e0 per Usuari a tota persona que accedisca, navegue, utilitze o participe en els serveis i activitats desenvolupades en el Portal Web.<\/p>\n<p>L&#8217;acc\u00e9s, navegaci\u00f3 i utilitzaci\u00f3 d&#8217;aquest Portal Web implica per part de l&#8217;Usuari l&#8217;acceptaci\u00f3 expressa, inequ\u00edvoca i sense reserves de tots els termes de les presents Condicions Generals d&#8217;\u00fas del Portal Web.<\/p>\n<h5 style=\"text-align: justify;\"><strong>Dades de la entitat titular del portal web<\/strong><\/h5>\n<p style=\"text-align: justify;\">La titularitat del Portal Web www.denia.es pertany a:<\/p>\n<p><strong>Ra\u00f3 Social:<\/strong> Ajuntament de D\u00e9nia<\/p>\n<p><strong>NIF:<\/strong> P0306300E<\/p>\n<p><strong>Domicili:<\/strong> Pla\u00e7a de la Constituci\u00f3, 10, 03700 D\u00e9nia, Alacant<\/p>\n<p><strong>Tel\u00e8fon:<\/strong> 965780100<\/p>\n<p><strong>Correu corporatiu:<\/strong> pciutadana@ayto-denia.es<\/p>\n<h5 style=\"text-align: justify;\"><strong>Objecte i \u00e0mbit d&#8217;aplicaci\u00f3<\/strong><\/h5>\n<p style=\"text-align: justify;\">Les presents Condicions regulen l&#8217;acc\u00e9s als continguts i serveis oferits per l&#8217;Ajuntament a trav\u00e9s del Portal Web, aix\u00ed com la utilitzaci\u00f3 dels mateixos per part dels usuaris.<\/p>\n<p>L&#8217;Ajuntament es reserva el dret a modificar la configuraci\u00f3, presentaci\u00f3 i contingut del Portal Web, aix\u00ed com tamb\u00e9 les condicions requerides per al seu acc\u00e9s i\/o utilitzaci\u00f3.<\/p>\n<h5 style=\"text-align: justify;\"><strong>Acc\u00e9s<\/strong><\/h5>\n<p style=\"text-align: justify;\">L&#8217;acc\u00e9s als continguts i la utilitzaci\u00f3 dels serveis proporcionats per www.denia.es t\u00e9 car\u00e0cter gratu\u00eft, estant subjecte a les Condicions Generals d&#8217;\u00fas dels continguts del Portal Web contingudes en aquest Av\u00eds Legal.<\/p>\n<p>L&#8217;acc\u00e9s i navegaci\u00f3 a trav\u00e9s del Portal Web no requereix registre, tot i que determinats serveis presents o futurs inclosos en el mateix poden requerir-ho. En cas d&#8217;accedir a la Seu Electr\u00f2nica per a realitzar alguna transacci\u00f3 a trav\u00e9s d&#8217;aquesta, la seua identificaci\u00f3 i (si escau) signatura electr\u00f2nica seran requerides.<\/p>\n<h5 style=\"text-align: justify;\"><strong>Drets de propietat intel\u00b7lectual i industrial<\/strong><\/h5>\n<p style=\"text-align: justify;\">El present Portal Web es regeix per les lleis espanyoles i per la legislaci\u00f3 nacional i internacional sobre propietat intel\u00b7lectual i industrial.<\/p>\n<p>En cap cas s&#8217;entendr\u00e0 que l&#8217;acc\u00e9s i navegaci\u00f3 de l&#8217;Usuari pel Portal Web o la utilitzaci\u00f3 dels serveis oferits a trav\u00e9s del Portal Web, implique una ren\u00fancia, transmissi\u00f3, llic\u00e8ncia o cessi\u00f3 total ni parcial d&#8217;aquests drets per part de l&#8217;Ajuntament.<\/p>\n<p>Les refer\u00e8ncies a noms i marques comercials o registrades, logotips o altres signes distintius, ja siguen titularitat de l&#8217;Ajuntament o de terceres Empreses o Organismes, porten impl\u00edcites la prohibici\u00f3 sobre el seu \u00fas sense el consentiment de l&#8217;Ajuntament o dels seus leg\u00edtims propietaris. Queden reservats tots els drets de Propietat Intel\u00b7lectual i Industrial sobre els continguts i\/o serveis inclosos en el Portal Web.<\/p>\n<h5 style=\"text-align: justify;\"><strong>Utilizaci\u00f3 del Portal Web<\/strong><\/h5>\n<p style=\"text-align: justify;\">L&#8217;Usuari es compromet a utilitzar el Portal Web de conformitat amb la Llei i amb les presents Condicions Generals.<\/p>\n<p>L&#8217;Usuari s&#8217;obliga aix\u00ed mateix a abstindre&#8217;s d&#8217;utilitzar el Portal Web amb finalitats o efectes il\u00b7l\u00edcits, il\u00b7legals o contraris a el que s&#8217;estableix en aquestes Condicions Generals.<\/p>\n<p>En utilitzar els serveis, l&#8217;Usuari manifesta la seua conformitat amb aquestes Condicions Generals, comprometent-se a no transmetre, difondre o posar a la disposici\u00f3 de tercers a trav\u00e9s dels serveis proporcionats per www.denia.es qualsevol classe de material que de qualsevol forma contravinga la legislaci\u00f3 vigent. En particular, i a t\u00edtol merament indicatiu i no exhaustiu, l&#8217;Usuari es compromet a no captar dades amb finalitat publicit\u00e0ria, a no enviar cap mena de publicitat online ni cadenes de missatges i a no transmetre, difondre o posar a la disposici\u00f3 de tercers a trav\u00e9s dels serveis proporcionats per www.denia.es qualsevol classe continguts que, entre altres:<\/p>\n<ul>\n<li>Incomplisquen la normativa sobre protecci\u00f3 de dades personals i garantia de drets digitals.<\/li>\n<li>Inc\u00f3rreguen en activitats il\u00b7l\u00edcites o il\u00b7legals que, de qualsevol forma, atempten contra els drets fonamentals i llibertats p\u00fabliques reconegudes constitucionalment i en la resta de l&#8217;ordenament jur\u00eddic.<\/li>\n<li>Indu\u00efsquen, inciten o promoguen actuacions delictives, denigrat\u00f2ries, difamat\u00f2ries, violentes o discriminat\u00f2ries.<\/li>\n<li>Incorporen missatges delictius, violents o degradants.<\/li>\n<li>Siguen contraris al dret a l&#8217;honor, a la intimitat personal i familiar o a la pr\u00f2pia imatge de les persones.<\/li>\n<li>Infringisquen la normativa sobre secret de les comunicacions.<\/li>\n<li>Provoquen per les seues caracter\u00edstiques (com a format, extensi\u00f3, etc.) dificultats en el normal funcionament del Portal Web.<\/li>\n<\/ul>\n<h5 style=\"text-align: justify;\"><strong>Comunicacions<\/strong><\/h5>\n<p style=\"text-align: justify;\">L&#8217;Usuari reconeix assumir la responsabilitat i deixar\u00e0 indemne a l&#8217;Ajuntament per qualsevol comunicaci\u00f3 que subministre personalment o al seu nom, aconseguint aquesta responsabilitat sense restricci\u00f3 alguna l&#8217;exactitud, legalitat, originalitat i titularitat d&#8217;aquesta.<\/p>\n<h5 style=\"text-align: justify;\"><strong>Responsabilitats i garanties<\/strong><\/h5>\n<p style=\"text-align: justify;\">A causa de les caracter\u00edstiques d&#8217;un Portal Web i les depend\u00e8ncies tecnol\u00f2giques (internes i externes) que ho condicionen, l&#8217;Ajuntament no pot garantir ni fer-se responsable de:<\/p>\n<\/p>\n<p> 1.La continu\u00eftat dels continguts del Portal Web.<br \/>\n 2.L&#8217;abs\u00e8ncia d&#8217;errors en aquests continguts o productes.<br \/>\n 3.La invulnerabilitat del Portal Web i\/o la inexpugnabilitat de les mesures de seguretat que s&#8217;adopten en aquest.<br \/>\n 4.L&#8217;abs\u00e8ncia de virus i\/o altres components nocius en el Portal Web o en el servidor que el subministra.<br \/>\n 5.Els danys o perjudicis que cause, a si mateix o a un tercer, qualsevol persona que infringira les condicions, normes i instruccions que l&#8217;Ajuntament estableix en el Portal Web o a trav\u00e9s de la vulneraci\u00f3 dels sistemes de seguretat del Portal Web.<\/p>\n<p style=\"text-align: justify;\">L&#8217;Ajuntament declara que adopta, mant\u00e9 i evoluciona les mesures apropiades, dins de les seues possibilitats i de l&#8217;estat de la tecnologia, per a mantindre la disponibilitat del Portal Web, protegir la integritat dels seus continguts i evitar l&#8217;exist\u00e8ncia i transmissi\u00f3 de virus i altres components nocius als Usuaris, tot aix\u00f2 dins del marc de la legislaci\u00f3 vigent a cada moment, principalment Esquema Nacional de Seguretat, Llei org\u00e0nica de Protecci\u00f3 de Dades Personals i Garantia de Drets Digitals i els seus desenvolupaments.<\/p>\n<p>Si l&#8217;Usuari tinguera coneixement de l&#8217;exist\u00e8ncia d&#8217;algun contingut il\u00b7l\u00edcit, il\u00b7legal, contrari a les lleis o que poguera suposar una infracci\u00f3 de drets de propietat intel\u00b7lectual i\/o industrial, haur\u00e0 de notificar-ho immediatament a l&#8217;Ajuntament perqu\u00e8 aquesta puga procedir a l&#8217;adopci\u00f3 de les mesures oportunes.<\/p>\n<h5 style=\"text-align: justify;\"><strong>Enlla\u00e7os a altres p\u00e0gines web<\/strong><\/h5>\n<p style=\"text-align: justify;\">El Portal Web pot contindre enlla\u00e7os a altres p\u00e0gines Web mitjan\u00e7ant diferents botons, links, b\u00e0ners, etc., els quals podrien ser gestionats per tercers. L&#8217;Ajuntament no t\u00e9 facultat ni mitjans per a con\u00e8ixer, controlar ni aprovar tota la informaci\u00f3, continguts, productes o serveis facilitats per altres llocs web als quals es puguen establir enlla\u00e7os des del seu Portal Web.<\/p>\n<p>En conseq\u00fc\u00e8ncia, l&#8217;Ajuntament no assumir\u00e0 cap mena de responsabilitat per qualsevol aspecte relatiu a les p\u00e0gines Web a les quals es poguera establir un enlla\u00e7 des del Portal Web, en concret i entre altres, sobre el seu funcionament, acc\u00e9s, dades, informaci\u00f3, arxius, qualitat i fiabilitat dels seus productes i serveis, els seus propis enlla\u00e7os i\/o qualsevol dels seus continguts, en general.<\/p>\n<p>En aquest sentit, si els Usuaris tingueren coneixement efectiu de la il\u00b7licitud d&#8217;activitats desenvolupades a trav\u00e9s d&#8217;aquestes p\u00e0gines Web de tercers, hauran de comunicar-ho immediatament a l&#8217;Ajuntament a l&#8217;efecte de que es procedisca a deshabilitar l&#8217;enlla\u00e7 d&#8217;acc\u00e9s a aquesta.<\/p>\n<p>L&#8217;establiment de qualsevol tipus d&#8217;enlla\u00e7 des del Portal Web a un altre lloc web ali\u00e9 no implicar\u00e0 que existisca algun tipus de relaci\u00f3, col\u00b7laboraci\u00f3 o depend\u00e8ncia entre l&#8217;Ajuntament i el responsable del lloc web ali\u00e9.<\/p>\n<h5 style=\"text-align: justify;\"><strong>Enlla\u00e7os en altres p\u00e0gines web amb destinaci\u00f3 al Portal Web de l&#8217;Ajuntament<\/strong><\/h5>\n<p style=\"text-align: justify;\">Si qualsevol Usuari, Entitat o Lloc web desitjara establir algun tipus d&#8217;enlla\u00e7 amb destinaci\u00f3 al Portal Web haur\u00e0 d&#8217;atindre&#8217;s a les seg\u00fcents estipulacions:<\/p>\n<p> 1.L&#8217;enlla\u00e7 solament es podr\u00e0 dirigir a la P\u00e0gina Principal o Home del Portal Web, excepte autoritzaci\u00f3 expressa i per escrit de l&#8217;Ajuntament.<br \/>\n 2.En la p\u00e0gina que estableix l&#8217;enlla\u00e7 no es podr\u00e0 declarar de cap manera que l&#8217;Ajuntament ha autoritzat tal enlla\u00e7, llevat que l&#8217;Ajuntament l&#8217;haja fet expressament i per escrit.<br \/>\n 3.L&#8217;Ajuntament no autoritza l&#8217;establiment d&#8217;un enlla\u00e7 al Portal Web des d&#8217;aquelles p\u00e0gines Web que continguen materials, informaci\u00f3 o continguts il\u00b7l\u00edcits, il\u00b7legals, degradants, obscens, i en general, que contravinguen l&#8217;ordre p\u00fablic i\/o les normes socials generalment acceptades.<\/p>\n<p style=\"text-align: justify;\">L&#8217;Ajuntament no t\u00e9 facultat ni mitjans per a con\u00e8ixer, controlar ni aprovar tota la informaci\u00f3, continguts, productes o serveis facilitats per altres llocs web que tinguen establerts enlla\u00e7os amb destinaci\u00f3 al Portal Web. Per tant, l&#8217;Ajuntament no assumeix cap mena de responsabilitat per qualsevol aspecte relatiu al Lloc web que estableix aqueix enlla\u00e7 amb destinaci\u00f3 al Portal Web.<\/p>\n<h5 style=\"text-align: justify;\"><strong>Xarxes socials<\/strong><\/h5>\n<p style=\"text-align: justify;\">L&#8217;Ajuntament pot estar present, actualment o en el futur, en les xarxes socials on considere oport\u00fa establir pres\u00e8ncia. L&#8217;Ajuntament, com a administrador de les seues inst\u00e0ncies pr\u00f2pies en aquestes xarxes, podr\u00e0 decidir la no publicaci\u00f3 i\/o l&#8217;esborrat de qualsevol contingut publicat en aquestes.<\/p>\n<p>En qualsevol cas, l&#8217;Usuari \u00e9s l&#8217;\u00fanic responsable dels continguts que publique en les xarxes socials de l&#8217;Ajuntament, sent plenament aplicable a les xarxes socials els preceptes especificats en el cap\u00edtol UTILITZACI\u00d3 DEL PORTAL WEB en aquest mateix document.<\/p>\n<h5 style=\"text-align: justify;\"><strong>Pol\u00edtica de cookies<\/strong><\/h5>\n<p style=\"text-align: justify;\">La Pol\u00edtica de cookies de www.denia.es queda determinada per el que s&#8217;estableix en el document de pol\u00edtica de cookies.<\/p>\n<h5 style=\"text-align: justify;\"><strong>Pol\u00edtica de privacitat<\/strong><\/h5>\n<p style=\"text-align: justify;\">La Pol\u00edtica de privacitat de www.denia.es queda determinada per el que s&#8217;estableix en el document PROTECCI\u00d3 DE DADES DE CAR\u00c0CTER PERSONAL I SEGURETAT DE LA INFORMACI\u00d3, la qual s&#8217;atindr\u00e0 en tot moment al requerit en la legislaci\u00f3 vigent en mat\u00e8ria de protecci\u00f3 de dades personals i garantia dels drets digitals.<\/p>\n<h5 style=\"text-align: justify;\"><strong>Durada i modificaci\u00f3<\/strong><\/h5>\n<p style=\"text-align: justify;\">L&#8217;Ajuntament podr\u00e0 modificar els termes i condicions ac\u00ed estipulades, totalment o parcialment, publicant qualsevol canvi en la mateixa forma en qu\u00e8 apareix aquest Av\u00eds legal o a trav\u00e9s de qualsevol tipus de comunicaci\u00f3 dirigida als Usuaris.<\/p>\n<p>La vig\u00e8ncia<\/p>\n<p>temporal d&#8217;aquest Av\u00eds legal, per tant, no s&#8217;estableix en un per\u00edode concret de temps. Nom\u00e9s el contingut present en un moment determinat, excepte indicaci\u00f3 expressa de la seua p\u00e8rdua de vig\u00e8ncia, constitueix el contingut vigent d&#8217;aquest Av\u00eds legal.<\/p>\n<p>Amb independ\u00e8ncia del que es disposa en les condicions particulars (si existiren), l&#8217;Ajuntament podr\u00e0 donar per acabat, suspendre o interrompre, en qualsevol moment i sense necessitat de preav\u00eds, l&#8217;acc\u00e9s als continguts del Portal Web, sense possibilitat per part de l&#8217;Usuari d&#8217;exigir cap reparaci\u00f3.<\/p>\n<h5 style=\"text-align: justify;\"><strong>Generalitats<\/strong><\/h5>\n<p style=\"text-align: justify;\">En cas d&#8217;existir discrep\u00e0ncia entre el que s&#8217;estableix en aquest Av\u00eds Legal i les condicions particulars de cada servei espec\u00edfic (si existiren), prevaldr\u00e0 el que es disposa en aquestes \u00faltimes.<\/p>\n<p>En el cas que qualsevol disposici\u00f3 o disposicions d&#8217;aquest Av\u00eds Legal fora(n) considerada(s) nul\u00b7la(s) o inaplicable(s), \u00edntegrament o en part, per qualsevol Jutjat, Tribunal o \u00f2rgan administratiu competent, aquesta nul\u00b7litat o inaplicaci\u00f3 no afectar\u00e0 les altres disposicions de l&#8217;Av\u00eds Legal.<\/p>\n<p>El no exercici o execuci\u00f3 per part de l&#8217;Ajuntament de qualsevol dret o disposici\u00f3 continguda en aquest Av\u00eds Legal no constituir\u00e0 una ren\u00fancia a aquest, excepte reconeixement i acord per escrit per part seua.<\/p>\n<h5 style=\"text-align: justify;\"><strong>Legislaci\u00f3 i jurisdicci\u00f3 aplicable<\/strong><\/h5>\n<p style=\"text-align: justify;\">Les relacions establides entre l&#8217;Ajuntament i l&#8217;Usuari es regiran pel que es disposa en la normativa espanyola vigent.<\/p>\n<p>L&#8217;Ajuntament i l&#8217;Usuari, amb ren\u00fancia expressa a qualsevol altre fur que poguera correspondre&#8217;ls, sotmetran qualssevol controv\u00e8rsies i\/o litigis al coneixement dels Jutjats i Tribunals de la ciutat de D\u00e9nia.<\/p>\n<p>[\/et_pb_text][\/et_pb_column][\/et_pb_row][\/et_pb_section]<\/p>\n","protected":false},"excerpt":{"rendered":"<p>AV\u00cdS LEGAL \u2022 POL\u00cdTICA DE PRIVACITAT Av\u00eds legal \u00b7 condicions generals d&#8217;\u00fas del portal Av\u00eds Legal i Condicions d&#8217;\u00das que regulen l&#8217;acc\u00e9s, navegaci\u00f3 i \u00fas del Portal d&#8217;Internet de l&#8217;Ajuntament de D\u00e9nia (d&#8217;ara endavant, \u201cl&#8217;Ajuntament\u201d) situada en la URL www.denia.es (d&#8217;ara endavant, el \u201cPortal Web\u201d). Aquest Portal Web compleix amb el que s&#8217;estableix en l&#8217;article [&hellip;]<\/p>\n","protected":false},"author":1,"featured_media":0,"parent":0,"menu_order":0,"comment_status":"closed","ping_status":"closed","template":"","meta":{"_et_pb_use_builder":"on","_et_pb_old_content":"","_et_gb_content_width":"","footnotes":"","_links_to":"","_links_to_target":""},"class_list":["post-4859","page","type-page","status-publish","hentry"],"_links":{"self":[{"href":"https:\/\/musicaalcastell.com\/ca\/wp-json\/wp\/v2\/pages\/4859","targetHints":{"allow":["GET"]}}],"collection":[{"href":"https:\/\/musicaalcastell.com\/ca\/wp-json\/wp\/v2\/pages"}],"about":[{"href":"https:\/\/musicaalcastell.com\/ca\/wp-json\/wp\/v2\/types\/page"}],"author":[{"embeddable":true,"href":"https:\/\/musicaalcastell.com\/ca\/wp-json\/wp\/v2\/users\/1"}],"replies":[{"embeddable":true,"href":"https:\/\/musicaalcastell.com\/ca\/wp-json\/wp\/v2\/comments?post=4859"}],"version-history":[{"count":0,"href":"https:\/\/musicaalcastell.com\/ca\/wp-json\/wp\/v2\/pages\/4859\/revisions"}],"wp:attachment":[{"href":"https:\/\/musicaalcastell.com\/ca\/wp-json\/wp\/v2\/media?parent=4859"}],"curies":[{"name":"wp","href":"https:\/\/api.w.org\/{rel}","templated":true}]}}