{"id":4172,"date":"2021-06-04T09:18:03","date_gmt":"2021-06-04T09:18:03","guid":{"rendered":"https:\/\/musicaalcastell.com\/programacio\/matthieu-saglio\/"},"modified":"2022-05-20T10:32:52","modified_gmt":"2022-05-20T10:32:52","slug":"matthieu-saglio","status":"publish","type":"page","link":"https:\/\/musicaalcastell.com\/ca\/programacio-2021\/matthieu-saglio\/","title":{"rendered":"MATTHIEU SAGLIO QUARTET"},"content":{"rendered":"<p>[et_pb_section fb_built=&#8221;1&#8243; _builder_version=&#8221;4.17.3&#8243; _module_preset=&#8221;default&#8221; background_color=&#8221;#f5f0e7&#8243; background_image=&#8221;https:\/\/musicaalcastell.com\/wp-content\/uploads\/2022\/05\/escala-menu2.png&#8221; background_size=&#8221;initial&#8221; background_position=&#8221;top_left&#8221; width_last_edited=&#8221;off|desktop&#8221; max_width_last_edited=&#8221;off|desktop&#8221; custom_margin=&#8221;||||false|false&#8221; custom_padding=&#8221;0px||0px||false|false&#8221; background_last_edited=&#8221;on|phone&#8221; saved_tabs=&#8221;all&#8221; global_colors_info=&#8221;{}&#8221; global_module=&#8221;6042&#8243; theme_builder_area=&#8221;post_content&#8221;][et_pb_row column_structure=&#8221;1_3,1_3,1_3&#8243; use_custom_gutter=&#8221;on&#8221; gutter_width=&#8221;1&#8243; disabled_on=&#8221;on|off|off&#8221; _builder_version=&#8221;4.17.3&#8243; _module_preset=&#8221;default&#8221; background_enable_color=&#8221;off&#8221; background_enable_image=&#8221;off&#8221; background_size=&#8221;contain&#8221; width=&#8221;100%&#8221; max_width=&#8221;100%&#8221; custom_margin=&#8221;||0px||false|false&#8221; custom_padding=&#8221;0px||0px||false|false&#8221; global_colors_info=&#8221;{}&#8221; theme_builder_area=&#8221;post_content&#8221;][et_pb_column type=&#8221;1_3&#8243; _builder_version=&#8221;4.17.3&#8243; _module_preset=&#8221;default&#8221; global_colors_info=&#8221;{}&#8221; theme_builder_area=&#8221;post_content&#8221;][et_pb_image src=&#8221;https:\/\/musicaalcastell.com\/wp-content\/uploads\/2022\/05\/musicaalcastell-2022-val.jpg&#8221; title_text=&#8221;musicaalcastell-2022-val&#8221; _builder_version=&#8221;4.17.3&#8243; _module_preset=&#8221;default&#8221; global_colors_info=&#8221;{}&#8221; theme_builder_area=&#8221;post_content&#8221;][\/et_pb_image][\/et_pb_column][et_pb_column type=&#8221;1_3&#8243; _builder_version=&#8221;4.17.3&#8243; _module_preset=&#8221;default&#8221; global_colors_info=&#8221;{}&#8221; theme_builder_area=&#8221;post_content&#8221;][et_pb_image src=&#8221;https:\/\/musicaalcastell.com\/wp-content\/uploads\/2022\/05\/musica-2022-c.jpg&#8221; title_text=&#8221;musica-2022-c&#8221; _builder_version=&#8221;4.17.3&#8243; _module_preset=&#8221;default&#8221; global_colors_info=&#8221;{}&#8221; theme_builder_area=&#8221;post_content&#8221;][\/et_pb_image][\/et_pb_column][et_pb_column type=&#8221;1_3&#8243; _builder_version=&#8221;4.17.3&#8243; _module_preset=&#8221;default&#8221; background_color=&#8221;#edc228&#8243; global_colors_info=&#8221;{}&#8221; theme_builder_area=&#8221;post_content&#8221;][et_pb_image src=&#8221;https:\/\/musicaalcastell.com\/wp-content\/uploads\/2022\/05\/musica-denia-2022-VAL.jpg&#8221; title_text=&#8221;musica-denia-2022-VAL&#8221; _builder_version=&#8221;4.17.3&#8243; _module_preset=&#8221;default&#8221; global_colors_info=&#8221;{}&#8221; theme_builder_area=&#8221;post_content&#8221;][\/et_pb_image][\/et_pb_column][\/et_pb_row][et_pb_row use_custom_gutter=&#8221;on&#8221; gutter_width=&#8221;1&#8243; disabled_on=&#8221;off|on|on&#8221; _builder_version=&#8221;4.17.3&#8243; _module_preset=&#8221;default&#8221; background_enable_color=&#8221;off&#8221; background_enable_image=&#8221;off&#8221; background_size=&#8221;contain&#8221; width=&#8221;100%&#8221; max_width=&#8221;100%&#8221; custom_margin=&#8221;||0px||false|false&#8221; custom_padding=&#8221;0px||0px||false|false&#8221; global_colors_info=&#8221;{}&#8221; theme_builder_area=&#8221;post_content&#8221;][et_pb_column type=&#8221;4_4&#8243; _builder_version=&#8221;4.17.3&#8243; _module_preset=&#8221;default&#8221; global_colors_info=&#8221;{}&#8221; theme_builder_area=&#8221;post_content&#8221;][et_pb_image src=&#8221;https:\/\/musicaalcastell.com\/wp-content\/uploads\/2022\/05\/CABECERA-movil-val-ok3.jpg&#8221; title_text=&#8221;CABECERA-movil-val-ok3&#8243; align=&#8221;center&#8221; _builder_version=&#8221;4.17.3&#8243; _module_preset=&#8221;default&#8221; custom_margin=&#8221;||0px||false|false&#8221; custom_padding=&#8221;||0px||false|false&#8221; global_colors_info=&#8221;{}&#8221; theme_builder_area=&#8221;post_content&#8221;][\/et_pb_image][\/et_pb_column][\/et_pb_row][\/et_pb_section][et_pb_section fb_built=&#8221;1&#8243; _builder_version=&#8221;4.16&#8243; background_color=&#8221;#ffffff&#8221; inner_width_tablet=&#8221;50px&#8221; inner_max_width_tablet=&#8221;50px&#8221; custom_margin=&#8221;||0px|&#8221; custom_padding=&#8221;||0px|&#8221; z_index_tablet=&#8221;500&#8243; global_colors_info=&#8221;{}&#8221; theme_builder_area=&#8221;post_content&#8221;][et_pb_row _builder_version=&#8221;4.16&#8243; custom_margin=&#8221;||0px|&#8221; custom_padding=&#8221;||0px|&#8221; global_colors_info=&#8221;{}&#8221; theme_builder_area=&#8221;post_content&#8221;][et_pb_column type=&#8221;4_4&#8243; _builder_version=&#8221;4.16&#8243; custom_padding=&#8221;||0px|&#8221; global_colors_info=&#8221;{}&#8221; custom_padding__hover=&#8221;|||&#8221; theme_builder_area=&#8221;post_content&#8221;][et_pb_blurb title=&#8221;INFORMACI\u00d3 RELATIVA A L&#8217;EDICI\u00d3 2021&#8243; use_icon=&#8221;on&#8221; font_icon=&#8221;&#x47;||divi||400&#8243; icon_color=&#8221;#c09209&#8243; _builder_version=&#8221;4.16&#8243; header_level=&#8221;h2&#8243; text_orientation=&#8221;center&#8221; use_circle=&#8221;off&#8221; use_circle_border=&#8221;off&#8221; circle_color=&#8221;#c09209&#8243; global_colors_info=&#8221;{}&#8221; theme_builder_area=&#8221;post_content&#8221;][\/et_pb_blurb][\/et_pb_column][\/et_pb_row][\/et_pb_section][et_pb_section fb_built=&#8221;1&#8243; _builder_version=&#8221;4.16&#8243; inner_width_tablet=&#8221;50px&#8221; inner_max_width_tablet=&#8221;50px&#8221; custom_padding=&#8221;40px||0px|&#8221; z_index_tablet=&#8221;500&#8243; global_colors_info=&#8221;{}&#8221;][et_pb_row _builder_version=&#8221;4.16&#8243; custom_margin=&#8221;||0px|&#8221; custom_padding=&#8221;||0px|&#8221; z_index_tablet=&#8221;500&#8243; global_colors_info=&#8221;{}&#8221;][et_pb_column type=&#8221;4_4&#8243; _builder_version=&#8221;4.16&#8243; custom_padding=&#8221;||15px|&#8221; global_colors_info=&#8221;{}&#8221; custom_padding__hover=&#8221;|||&#8221;][et_pb_text _builder_version=&#8221;4.16&#8243; text_orientation=&#8221;center&#8221; custom_padding=&#8221;||0px|&#8221; z_index_tablet=&#8221;500&#8243; global_colors_info=&#8221;{}&#8221;]<\/p>\n<h4>MATTHIEU SAGLIO QUARTET, &#8220;EL CAMINO DE LOS VIENTOS\u201d<\/h4>\n<p>[\/et_pb_text][\/et_pb_column][\/et_pb_row][\/et_pb_section][et_pb_section fb_built=&#8221;1&#8243; _builder_version=&#8221;4.16&#8243; custom_margin=&#8221;0px||0px|&#8221; custom_padding=&#8221;0px||0px|&#8221; z_index_tablet=&#8221;500&#8243; global_colors_info=&#8221;{}&#8221;][et_pb_row _builder_version=&#8221;4.16&#8243; custom_margin=&#8221;0px||0px|&#8221; custom_padding=&#8221;||0px|&#8221; z_index_tablet=&#8221;500&#8243; global_colors_info=&#8221;{}&#8221; column_structure=&#8221;1_2,1_2&#8243;][et_pb_column type=&#8221;1_2&#8243; _builder_version=&#8221;4.16&#8243; custom_padding=&#8221;|||&#8221; global_colors_info=&#8221;{}&#8221; custom_padding__hover=&#8221;|||&#8221;][et_pb_text _builder_version=&#8221;4.16&#8243; z_index_tablet=&#8221;500&#8243; global_colors_info=&#8221;{}&#8221;]<\/p>\n<p style=\"text-align: justify;\"><strong>Jazz, cl\u00e0ssic, world.<\/strong> Despr\u00e9s de l&#8217;\u00e8xit europeu amb NES (\u00e0lbum Ahlam &#8211; ACT 2018) i amb centenars de concerts en 30 pa\u00efsos a la seua esquena (amb Jerez Texas, Cello Sol, Diouke, R\u00e9sonance), el violoncel\u2022lista i compositor MatthieuSaglio trau el cap al seu propi interior per a fer un balan\u00e7 de tota la seua carrera. <strong>\u201cEl camino de los vientos\u201d.<\/strong> Un cam\u00ed \u00fanic i singular, encara que influenciat pels vents, varis, canviants, sorprenents. La inspiraci\u00f3 de l&#8217;artista, sotmesa al vaiv\u00e9 dels descobriments i mescles que troba en el seu itinerari. La seua vida musical, en definitiva, per\u00f2 en aquesta ocasi\u00f3 acompanyat per un elenc d&#8217;all\u00f2 m\u00e9s noble.<\/p>\n<p style=\"text-align: justify;\">En aquestes noves composicions, Matthieu s&#8217;ha envoltat d&#8217;una s\u00e8rie de convidats de luxe, entre refer\u00e8ncies del jazz europeu, companys de molts anys\u2026 i els seus 3 fills.<br \/>Participen en aquest nou opus: <strong>Nguye\u0302n Li\u0302<\/strong> (guitarra), <strong>Nils Petter Molvaer<\/strong> (trompeta), <strong>Carles Benavent<\/strong> (baix), <strong>Vincent  Peirani<\/strong> (acordi\u00f3), <strong>Steve Shehan<\/strong> (percussi\u00f3, etc.), <strong>Bijan Chemirani<\/strong> (percussi\u00f3), <strong>L\u00e9o Ullmann<\/strong> (viol\u00ed), <strong>Camille Saglio<\/strong> (veu), <strong>Ricardo Esteve<\/strong> (guitarra flamenca), <strong>Isabel Julve<\/strong> (veu), <strong>Abdoulaye N&#8217; Diaye<\/strong> (veu) &#038; <strong>Teo, Marco, Gael Saglio P\u00e9rez<\/strong> (cors).<\/p>\n<p style=\"text-align: justify;\">Els col\u2022laboradors d&#8217;aquest treball no han sigut simples convidats. Tots han disposat de la seua zona de llibertat i han aportat la seua inspiraci\u00f3 i inimitable segell personal.<br \/>El resultat \u00e9s un disc variat, amb el violoncel com a eix director, que es recorre com un viatge fora del temps. Hi ha composicions amb solos i improvisacions de marcat car\u00e0cter jazz\u00edstic, unes altres de tall m\u00e9s cl\u00e0ssic amb sabor de banda sonora. Tamb\u00e9 hi ha ritmes d&#8217;\u00c0frica, quarts de to \u00e0rabs, pals flamencs\u2026 Com la inclassificable l\u00f2gica d&#8217;un cam\u00ed de 20 anys d&#8217;aventures i trobades musicals i humanes, una personal manera d&#8217;entendre el m\u00f3n, la bellesa i l&#8217;entesa entre les persones.<\/p>\n<p style=\"text-align: justify;\">&#8216;EL CAMINO DE LOS VIENTOS&#8217;, el seu nou disc amb el prestigi\u00f3s segell europeu ACT. Li acompanyar\u00e0 en directe un quartet de luxe amb <strong>Steve Shehan<\/strong> (percussi\u00f3) \/ <strong>Christian Belhomme<\/strong> (teclat &#038; piano) \/ <strong>L\u00e9o Ullmann<\/strong> (viol\u00ed).<\/p>\n<p style=\"text-align: justify;\"><strong>CR\u00cdTIQUES DISC<\/strong><\/p>\n<p style=\"text-align: justify;\">&#8216;El to vibrant, el toc i la t\u00e8cnica de Saglio destaquen en cada pista, per\u00f2, de manera impressionant, mai a costa dels seus convidats.&#8217; <strong>**** Financial Times (UK)<\/strong><\/p>\n<p style=\"text-align: justify;\">&#8216;Jazz mundial, tranquil i po\u00e8tic. \u00c0lbum del mes.&#8217; <strong>**** Stereo (DE)<\/strong><\/p>\n<p style=\"text-align: justify;\">&#8216;Els par\u00e8ntesis encantats d&#8217;un viatge inoblidable, una m\u00fasica d&#8217;absoluta puresa i serenitat, el punt \u00e0lgid de la qual, el &#8216;Bolero triste&#8217;, \u00e9s una d&#8217;aqueixes melodies embriagadores que et transporten molt lluny i per a molt de temps. &#8216;<strong> OUEST FRANCE (FR)<\/strong><\/p>\n<p style=\"text-align: justify;\">&#8216;Possiblement el m\u00e9s gran violoncel\u2022lista de jazz franc\u00e9s de l&#8217;actualitat.\u2019 <strong>Babelmed (FR)<\/strong><\/p>\n<p style=\"text-align: justify;\">&#8216;Un disc que desafia els l\u00edmits musicals.&#8217; <strong>WorldMusic Central (USA)<\/strong><\/p>\n<p style=\"text-align: justify;\">&#8216;Un variat viatge musical pel Mediterrani, \u00c0frica i \u00c0sia.&#8217;<strong>**** Jazzthetik  (DE) <\/strong><\/p>\n<p style=\"text-align: justify;\">&#8216;Un disc \u00fanic, carregat de matisos i colors i que reflecteix el mestratge, la maduresa i la profunditat d&#8217;un m\u00fasic excepcional.\u2019 <strong>RNE-Radio3, Tato Puerto (ESP)<\/strong><\/p>\n<p style=\"text-align: justify;\">&#8216;Un creador en plenitud compositiva, aconseguint amb el seu instrument una sonoritat dol\u00e7a, embriagadora i plena de for\u00e7a que reflecteix la humilitat d&#8217;una gran m\u00fasic i el virtuosisme d&#8217;un genial int\u00e8rpret al que li preocupa poc eixir-se de la senda cl\u00e0ssica.&#8217;<strong>UPV Radio, Paco Valiente (ESP)<\/strong><\/p>\n<p>[\/et_pb_text][\/et_pb_column][et_pb_column type=&#8221;1_2&#8243; _builder_version=&#8221;4.16&#8243; custom_padding=&#8221;|||&#8221; global_colors_info=&#8221;{}&#8221; custom_padding__hover=&#8221;|||&#8221;][et_pb_image src=&#8221;https:\/\/musicaalcastell.com\/wp-content\/uploads\/2021\/06\/Matthieu-Saglio_w.jpg&#8221; align_tablet=&#8221;center&#8221; align_last_edited=&#8221;on|desktop&#8221; _builder_version=&#8221;4.16&#8243; z_index_tablet=&#8221;500&#8243; global_colors_info=&#8221;{}&#8221; align_phone=&#8221;center&#8221;][\/et_pb_image][et_pb_video src=&#8221;https:\/\/www.youtube.com\/watch?v=NAretLqbl0U&#8221; _builder_version=&#8221;4.16&#8243; custom_padding=&#8221;||40px|&#8221; z_index_tablet=&#8221;500&#8243; global_colors_info=&#8221;{}&#8221;][\/et_pb_video][\/et_pb_column][\/et_pb_row][\/et_pb_section][et_pb_section fb_built=&#8221;1&#8243; specialty=&#8221;on&#8221; custom_padding_last_edited=&#8221;on|desktop&#8221; parallax_method_1=&#8221;off&#8221; parallax_method_2=&#8221;off&#8221; padding_top_1=&#8221;0px&#8221; padding_top_2=&#8221;0px&#8221; _builder_version=&#8221;4.16&#8243; inner_width_tablet=&#8221;50px&#8221; inner_max_width_tablet=&#8221;50px&#8221; custom_margin=&#8221;0px||0px|&#8221; custom_padding=&#8221;0px||0px|&#8221; custom_padding_tablet=&#8221;50px|0|50px|0&#8243; custom_padding_phone=&#8221;&#8221; z_index_tablet=&#8221;500&#8243; global_colors_info=&#8221;{}&#8221;][et_pb_column type=&#8221;1_2&#8243; _builder_version=&#8221;4.16&#8243; custom_padding=&#8221;|||&#8221; global_colors_info=&#8221;{}&#8221; custom_padding__hover=&#8221;|||&#8221;][et_pb_video src=&#8221;https:\/\/www.youtube.com\/watch?v=CQVK1Ua0LAE&#038;t=164s&#8221; _builder_version=&#8221;4.16&#8243; custom_margin=&#8221;||40px|&#8221; z_index_tablet=&#8221;500&#8243; custom_css_main_element=&#8221;padding-top:0px;||padding-bottom:85px;||background-color:#000;&#8221; global_colors_info=&#8221;{}&#8221;][\/et_pb_video][\/et_pb_column][et_pb_column type=&#8221;1_2&#8243; specialty_columns=&#8221;2&#8243; _builder_version=&#8221;4.16&#8243; custom_padding=&#8221;|||&#8221; global_colors_info=&#8221;{}&#8221; custom_padding__hover=&#8221;|||&#8221;][et_pb_row_inner padding_mobile=&#8221;off&#8221; column_padding_mobile=&#8221;on&#8221; admin_label=&#8221;Fila&#8221; module_class=&#8221;modulohora-sup&#8221; _builder_version=&#8221;4.16&#8243; custom_margin=&#8221;||0px|&#8221; custom_padding=&#8221;0px|0px|0px|0px&#8221; custom_css_main_element=&#8221;background-color:#000;&#8221; global_colors_info=&#8221;{}&#8221;][et_pb_column_inner saved_specialty_column_type=&#8221;1_2&#8243; _builder_version=&#8221;4.16&#8243; background_color=&#8221;#000000&#8243; custom_padding=&#8221;20px||0px|&#8221; global_colors_info=&#8221;{}&#8221; custom_padding__hover=&#8221;|||&#8221;][et_pb_blurb image=&#8221;https:\/\/musicaalcastell.com\/wp-content\/uploads\/2017\/04\/actuaciones-castillo-denia.jpg&#8221; image_icon_width=&#8221;none&#8221; _builder_version=&#8221;4.16&#8243; background_size=&#8221;initial&#8221; background_position=&#8221;top_left&#8221; background_repeat=&#8221;repeat&#8221; custom_margin=&#8221;||20px|&#8221; use_border_color=&#8221;off&#8221; border_color=&#8221;#ffffff&#8221; border_style=&#8221;solid&#8221; image_max_width=&#8221;none&#8221; use_circle=&#8221;off&#8221; use_circle_border=&#8221;off&#8221; circle_border_color=&#8221;#cdb828&#8243; circle_color=&#8221;#cdb828&#8243; global_colors_info=&#8221;{}&#8221;][\/et_pb_blurb][et_pb_text _builder_version=&#8221;4.16&#8243; text_font_size=&#8221;16&#8243; text_line_height=&#8221;1em&#8221; z_index_tablet=&#8221;500&#8243; use_border_color=&#8221;off&#8221; border_color=&#8221;#ffffff&#8221; border_style=&#8221;solid&#8221; global_colors_info=&#8221;{}&#8221;]<\/p>\n<div style=\"text-align: center;\">\n<div style=\"margin-bottom: 10px;\"><span style=\"color: #c09209;\"><strong>Hora:<\/strong><\/span> <span style=\"color: #ffffff;\">22,30 h<\/span><\/div>\n<div style=\"margin-bottom: 10px;\"><span style=\"color: #c09209;\"><strong>Preu:<\/strong><\/span><span style=\"color: #ffffff;\"> 10,00 \u20ac<\/span><\/div>\n<div style=\"margin-bottom: 10px;\"><span style=\"color: #c09209;\"><strong>Dia:<\/strong><\/span> <span style=\"color: #ffffff;\">Dissabte 17 de juliol<\/span><\/div>\n<div style=\"margin-bottom: 10px;\"><span style=\"color: #c09209;\"><strong>Seu:<\/strong><\/span> <span style=\"color: #ffffff;\">Els jardins de Torrecremada<\/span><\/div>\n<\/div>\n<p>[\/et_pb_text][\/et_pb_column_inner][\/et_pb_row_inner][et_pb_row_inner padding_mobile=&#8221;off&#8221; column_padding_mobile=&#8221;on&#8221; disabled_on=&#8221;|on|on&#8221; admin_label=&#8221;Fila&#8221; module_class=&#8221;modulohora-inf&#8221; _builder_version=&#8221;4.16&#8243; custom_margin=&#8221;0px|||&#8221; custom_padding=&#8221;20px|0px|16px|30px&#8221; custom_css_main_element=&#8221;background-colo:#000;&#8221; global_colors_info=&#8221;{}&#8221; column_structure=&#8221;1_2,1_2&#8243;][et_pb_column_inner type=&#8221;1_2&#8243; saved_specialty_column_type=&#8221;1_2&#8243; _builder_version=&#8221;4.16&#8243; background_color=&#8221;#000000&#8243; custom_padding=&#8221;0px||20px|&#8221; global_colors_info=&#8221;{}&#8221; custom_padding__hover=&#8221;|||&#8221;][et_pb_button button_url=&#8221;#&#8221; button_text=&#8221;Programaci\u00f3n&#8221; button_alignment=&#8221;right&#8221; _builder_version=&#8221;4.16&#8243; custom_button=&#8221;on&#8221; button_text_size=&#8221;14&#8243; button_text_color=&#8221;#ffffff&#8221; button_border_width=&#8221;3&#8243; button_border_color=&#8221;#c09209&#8243; button_letter_spacing_hover=&#8221;0&#8243; global_colors_info=&#8221;{}&#8221; button_text_size__hover_enabled=&#8221;off&#8221; button_text_size__hover=&#8221;null&#8221; button_one_text_size__hover_enabled=&#8221;off&#8221; button_one_text_size__hover=&#8221;null&#8221; button_two_text_size__hover_enabled=&#8221;off&#8221; button_two_text_size__hover=&#8221;null&#8221; button_text_color__hover_enabled=&#8221;off&#8221; button_text_color__hover=&#8221;null&#8221; button_one_text_color__hover_enabled=&#8221;off&#8221; button_one_text_color__hover=&#8221;null&#8221; button_two_text_color__hover_enabled=&#8221;off&#8221; button_two_text_color__hover=&#8221;null&#8221; button_border_width__hover_enabled=&#8221;off&#8221; button_border_width__hover=&#8221;null&#8221; button_one_border_width__hover_enabled=&#8221;off&#8221; button_one_border_width__hover=&#8221;null&#8221; button_two_border_width__hover_enabled=&#8221;off&#8221; button_two_border_width__hover=&#8221;null&#8221; button_border_color__hover_enabled=&#8221;off&#8221; button_border_color__hover=&#8221;null&#8221; button_one_border_color__hover_enabled=&#8221;off&#8221; button_one_border_color__hover=&#8221;null&#8221; button_two_border_color__hover_enabled=&#8221;off&#8221; button_two_border_color__hover=&#8221;null&#8221; button_border_radius__hover_enabled=&#8221;off&#8221; button_border_radius__hover=&#8221;null&#8221; button_one_border_radius__hover_enabled=&#8221;off&#8221; button_one_border_radius__hover=&#8221;null&#8221; button_two_border_radius__hover_enabled=&#8221;off&#8221; button_two_border_radius__hover=&#8221;null&#8221; button_letter_spacing__hover_enabled=&#8221;on&#8221; button_letter_spacing__hover=&#8221;0&#8243; button_one_letter_spacing__hover_enabled=&#8221;off&#8221; button_one_letter_spacing__hover=&#8221;null&#8221; button_two_letter_spacing__hover_enabled=&#8221;off&#8221; button_two_letter_spacing__hover=&#8221;null&#8221; button_bg_color__hover_enabled=&#8221;off&#8221; button_bg_color__hover=&#8221;null&#8221; button_one_bg_color__hover_enabled=&#8221;off&#8221; button_one_bg_color__hover=&#8221;null&#8221; button_two_bg_color__hover_enabled=&#8221;off&#8221; button_two_bg_color__hover=&#8221;null&#8221;][\/et_pb_button][\/et_pb_column_inner][et_pb_column_inner type=&#8221;1_2&#8243; saved_specialty_column_type=&#8221;1_2&#8243; _builder_version=&#8221;4.16&#8243; background_color=&#8221;#000000&#8243; custom_padding=&#8221;||20px|&#8221; global_colors_info=&#8221;{}&#8221; custom_padding__hover=&#8221;|||&#8221;][et_pb_button button_url=&#8221;#&#8221; button_text=&#8221;Entradas&#8221; button_alignment=&#8221;left&#8221; _builder_version=&#8221;4.16&#8243; custom_button=&#8221;on&#8221; button_text_size=&#8221;14&#8243; button_text_color=&#8221;#ffffff&#8221; button_border_width=&#8221;3&#8243; button_border_color=&#8221;#c09209&#8243; button_letter_spacing_hover=&#8221;0&#8243; global_colors_info=&#8221;{}&#8221; button_text_size__hover_enabled=&#8221;off&#8221; button_text_size__hover=&#8221;null&#8221; button_one_text_size__hover_enabled=&#8221;off&#8221; button_one_text_size__hover=&#8221;null&#8221; button_two_text_size__hover_enabled=&#8221;off&#8221; button_two_text_size__hover=&#8221;null&#8221; button_text_color__hover_enabled=&#8221;off&#8221; button_text_color__hover=&#8221;null&#8221; button_one_text_color__hover_enabled=&#8221;off&#8221; button_one_text_color__hover=&#8221;null&#8221; button_two_text_color__hover_enabled=&#8221;off&#8221; button_two_text_color__hover=&#8221;null&#8221; button_border_width__hover_enabled=&#8221;off&#8221; button_border_width__hover=&#8221;null&#8221; button_one_border_width__hover_enabled=&#8221;off&#8221; button_one_border_width__hover=&#8221;null&#8221; button_two_border_width__hover_enabled=&#8221;off&#8221; button_two_border_width__hover=&#8221;null&#8221; button_border_color__hover_enabled=&#8221;off&#8221; button_border_color__hover=&#8221;null&#8221; button_one_border_color__hover_enabled=&#8221;off&#8221; button_one_border_color__hover=&#8221;null&#8221; button_two_border_color__hover_enabled=&#8221;off&#8221; button_two_border_color__hover=&#8221;null&#8221; button_border_radius__hover_enabled=&#8221;off&#8221; button_border_radius__hover=&#8221;null&#8221; button_one_border_radius__hover_enabled=&#8221;off&#8221; button_one_border_radius__hover=&#8221;null&#8221; button_two_border_radius__hover_enabled=&#8221;off&#8221; button_two_border_radius__hover=&#8221;null&#8221; button_letter_spacing__hover_enabled=&#8221;on&#8221; button_letter_spacing__hover=&#8221;0&#8243; button_one_letter_spacing__hover_enabled=&#8221;off&#8221; button_one_letter_spacing__hover=&#8221;null&#8221; button_two_letter_spacing__hover_enabled=&#8221;off&#8221; button_two_letter_spacing__hover=&#8221;null&#8221; button_bg_color__hover_enabled=&#8221;off&#8221; button_bg_color__hover=&#8221;null&#8221; button_one_bg_color__hover_enabled=&#8221;off&#8221; button_one_bg_color__hover=&#8221;null&#8221; button_two_bg_color__hover_enabled=&#8221;off&#8221; button_two_bg_color__hover=&#8221;null&#8221;][\/et_pb_button][\/et_pb_column_inner][\/et_pb_row_inner][et_pb_row_inner padding_mobile=&#8221;off&#8221; column_padding_mobile=&#8221;on&#8221; disabled_on=&#8221;on||&#8221; admin_label=&#8221;Fila&#8221; module_class=&#8221;modulohora-inf&#8221; _builder_version=&#8221;4.16&#8243; custom_margin=&#8221;0px|||&#8221; custom_padding=&#8221;20px|0px|16px|30px&#8221; custom_css_main_element=&#8221;background-colo:#000;&#8221; global_colors_info=&#8221;{}&#8221; column_structure=&#8221;1_2,1_2&#8243;][et_pb_column_inner type=&#8221;1_2&#8243; saved_specialty_column_type=&#8221;1_2&#8243; _builder_version=&#8221;4.16&#8243; background_color=&#8221;#000000&#8243; custom_padding=&#8221;0px||20px|&#8221; global_colors_info=&#8221;{}&#8221; custom_padding__hover=&#8221;|||&#8221;][et_pb_button button_url=&#8221;https:\/\/musicaalcastell.com\/ca\/programacio\/&#8221; button_text=&#8221;Programaci\u00f3&#8221; button_alignment=&#8221;right&#8221; _builder_version=&#8221;4.16&#8243; custom_button=&#8221;on&#8221; button_text_size=&#8221;14&#8243; button_text_color=&#8221;#ffffff&#8221; button_border_width=&#8221;3&#8243; button_border_color=&#8221;#c09209&#8243; z_index_tablet=&#8221;500&#8243; global_colors_info=&#8221;{}&#8221; button_text_size__hover_enabled=&#8221;off&#8221; button_text_size__hover=&#8221;null&#8221; button_one_text_size__hover_enabled=&#8221;off&#8221; button_one_text_size__hover=&#8221;null&#8221; button_two_text_size__hover_enabled=&#8221;off&#8221; button_two_text_size__hover=&#8221;null&#8221; button_text_color__hover_enabled=&#8221;off&#8221; button_text_color__hover=&#8221;null&#8221; button_one_text_color__hover_enabled=&#8221;off&#8221; button_one_text_color__hover=&#8221;null&#8221; button_two_text_color__hover_enabled=&#8221;off&#8221; button_two_text_color__hover=&#8221;null&#8221; button_border_width__hover_enabled=&#8221;off&#8221; button_border_width__hover=&#8221;null&#8221; button_one_border_width__hover_enabled=&#8221;off&#8221; button_one_border_width__hover=&#8221;null&#8221; button_two_border_width__hover_enabled=&#8221;off&#8221; button_two_border_width__hover=&#8221;null&#8221; button_border_color__hover_enabled=&#8221;off&#8221; button_border_color__hover=&#8221;null&#8221; button_one_border_color__hover_enabled=&#8221;off&#8221; button_one_border_color__hover=&#8221;null&#8221; button_two_border_color__hover_enabled=&#8221;off&#8221; button_two_border_color__hover=&#8221;null&#8221; button_border_radius__hover_enabled=&#8221;off&#8221; button_border_radius__hover=&#8221;null&#8221; button_one_border_radius__hover_enabled=&#8221;off&#8221; button_one_border_radius__hover=&#8221;null&#8221; button_two_border_radius__hover_enabled=&#8221;off&#8221; button_two_border_radius__hover=&#8221;null&#8221; button_letter_spacing__hover_enabled=&#8221;on&#8221; button_letter_spacing__hover=&#8221;0&#8243; button_one_letter_spacing__hover_enabled=&#8221;off&#8221; button_one_letter_spacing__hover=&#8221;null&#8221; button_two_letter_spacing__hover_enabled=&#8221;off&#8221; button_two_letter_spacing__hover=&#8221;null&#8221; button_bg_color__hover_enabled=&#8221;off&#8221; button_bg_color__hover=&#8221;null&#8221; button_one_bg_color__hover_enabled=&#8221;off&#8221; button_one_bg_color__hover=&#8221;null&#8221; button_two_bg_color__hover_enabled=&#8221;off&#8221; button_two_bg_color__hover=&#8221;null&#8221;][\/et_pb_button][\/et_pb_column_inner][et_pb_column_inner type=&#8221;1_2&#8243; saved_specialty_column_type=&#8221;1_2&#8243; _builder_version=&#8221;4.16&#8243; background_color=&#8221;#000000&#8243; custom_padding=&#8221;||20px|&#8221; global_colors_info=&#8221;{}&#8221; custom_padding__hover=&#8221;|||&#8221;][et_pb_button button_url=&#8221;https:\/\/musicaalcastell.com\/ca\/entrades\/&#8221; button_text=&#8221;Entrades&#8221; button_alignment=&#8221;left&#8221; _builder_version=&#8221;4.16&#8243; custom_button=&#8221;on&#8221; button_text_size=&#8221;14&#8243; button_text_color=&#8221;#ffffff&#8221; button_border_width=&#8221;3&#8243; button_border_color=&#8221;#c09209&#8243; z_index_tablet=&#8221;500&#8243; global_colors_info=&#8221;{}&#8221; button_text_size__hover_enabled=&#8221;off&#8221; button_text_size__hover=&#8221;null&#8221; button_one_text_size__hover_enabled=&#8221;off&#8221; button_one_text_size__hover=&#8221;null&#8221; button_two_text_size__hover_enabled=&#8221;off&#8221; button_two_text_size__hover=&#8221;null&#8221; button_text_color__hover_enabled=&#8221;off&#8221; button_text_color__hover=&#8221;null&#8221; button_one_text_color__hover_enabled=&#8221;off&#8221; button_one_text_color__hover=&#8221;null&#8221; button_two_text_color__hover_enabled=&#8221;off&#8221; button_two_text_color__hover=&#8221;null&#8221; button_border_width__hover_enabled=&#8221;off&#8221; button_border_width__hover=&#8221;null&#8221; button_one_border_width__hover_enabled=&#8221;off&#8221; button_one_border_width__hover=&#8221;null&#8221; button_two_border_width__hover_enabled=&#8221;off&#8221; button_two_border_width__hover=&#8221;null&#8221; button_border_color__hover_enabled=&#8221;off&#8221; button_border_color__hover=&#8221;null&#8221; button_one_border_color__hover_enabled=&#8221;off&#8221; button_one_border_color__hover=&#8221;null&#8221; button_two_border_color__hover_enabled=&#8221;off&#8221; button_two_border_color__hover=&#8221;null&#8221; button_border_radius__hover_enabled=&#8221;off&#8221; button_border_radius__hover=&#8221;null&#8221; button_one_border_radius__hover_enabled=&#8221;off&#8221; button_one_border_radius__hover=&#8221;null&#8221; button_two_border_radius__hover_enabled=&#8221;off&#8221; button_two_border_radius__hover=&#8221;null&#8221; button_letter_spacing__hover_enabled=&#8221;on&#8221; button_letter_spacing__hover=&#8221;0&#8243; button_one_letter_spacing__hover_enabled=&#8221;off&#8221; button_one_letter_spacing__hover=&#8221;null&#8221; button_two_letter_spacing__hover_enabled=&#8221;off&#8221; button_two_letter_spacing__hover=&#8221;null&#8221; button_bg_color__hover_enabled=&#8221;off&#8221; button_bg_color__hover=&#8221;null&#8221; button_one_bg_color__hover_enabled=&#8221;off&#8221; button_one_bg_color__hover=&#8221;null&#8221; button_two_bg_color__hover_enabled=&#8221;off&#8221; button_two_bg_color__hover=&#8221;null&#8221;][\/et_pb_button][\/et_pb_column_inner][\/et_pb_row_inner][\/et_pb_column][\/et_pb_section]<\/p>\n","protected":false},"excerpt":{"rendered":"<p>MATTHIEU SAGLIO QUARTET, &#8220;EL CAMINO DE LOS VIENTOS\u201d Jazz, cl\u00e0ssic, world. Despr\u00e9s de l&#8217;\u00e8xit europeu amb NES (\u00e0lbum Ahlam &#8211; ACT 2018) i amb centenars de concerts en 30 pa\u00efsos a la seua esquena (amb Jerez Texas, Cello Sol, Diouke, R\u00e9sonance), el violoncel\u2022lista i compositor MatthieuSaglio trau el cap al seu propi interior per a [&hellip;]<\/p>\n","protected":false},"author":1,"featured_media":0,"parent":4410,"menu_order":0,"comment_status":"closed","ping_status":"closed","template":"","meta":{"_et_pb_use_builder":"on","_et_pb_old_content":"","_et_gb_content_width":"","footnotes":"","_links_to":"","_links_to_target":""},"class_list":["post-4172","page","type-page","status-publish","hentry"],"_links":{"self":[{"href":"https:\/\/musicaalcastell.com\/ca\/wp-json\/wp\/v2\/pages\/4172","targetHints":{"allow":["GET"]}}],"collection":[{"href":"https:\/\/musicaalcastell.com\/ca\/wp-json\/wp\/v2\/pages"}],"about":[{"href":"https:\/\/musicaalcastell.com\/ca\/wp-json\/wp\/v2\/types\/page"}],"author":[{"embeddable":true,"href":"https:\/\/musicaalcastell.com\/ca\/wp-json\/wp\/v2\/users\/1"}],"replies":[{"embeddable":true,"href":"https:\/\/musicaalcastell.com\/ca\/wp-json\/wp\/v2\/comments?post=4172"}],"version-history":[{"count":0,"href":"https:\/\/musicaalcastell.com\/ca\/wp-json\/wp\/v2\/pages\/4172\/revisions"}],"up":[{"embeddable":true,"href":"https:\/\/musicaalcastell.com\/ca\/wp-json\/wp\/v2\/pages\/4410"}],"wp:attachment":[{"href":"https:\/\/musicaalcastell.com\/ca\/wp-json\/wp\/v2\/media?parent=4172"}],"curies":[{"name":"wp","href":"https:\/\/api.w.org\/{rel}","templated":true}]}}