{"id":10673,"date":"2024-08-05T11:48:36","date_gmt":"2024-08-05T11:48:36","guid":{"rendered":"https:\/\/musicaalcastell.com\/nota-de-prensa-2024\/"},"modified":"2025-07-29T11:29:07","modified_gmt":"2025-07-29T11:29:07","slug":"nota-de-premsa-2024","status":"publish","type":"page","link":"https:\/\/musicaalcastell.com\/ca\/nota-de-premsa-2024\/","title":{"rendered":"NOTA DE PREMSA 2024"},"content":{"rendered":"<p>[et_pb_section fb_built=&#8221;1&#8243; _builder_version=&#8221;4.21.0&#8243; _module_preset=&#8221;default&#8221; background_color=&#8221;#e7e3d8&#8243; background_image=&#8221;https:\/\/musicaalcastell.com\/wp-content\/uploads\/2022\/05\/escala-menu2.png&#8221; background_enable_image=&#8221;off&#8221; background_size=&#8221;initial&#8221; background_position=&#8221;top_left&#8221; width_last_edited=&#8221;off|desktop&#8221; max_width_last_edited=&#8221;off|desktop&#8221; custom_margin=&#8221;||||false|false&#8221; custom_padding=&#8221;0px||0px||false|false&#8221; background_last_edited=&#8221;on|phone&#8221; global_module=&#8221;9096&#8243; saved_tabs=&#8221;all&#8221; locked=&#8221;off&#8221; global_colors_info=&#8221;{}&#8221;][et_pb_row column_structure=&#8221;1_3,1_3,1_3&#8243; use_custom_gutter=&#8221;on&#8221; gutter_width=&#8221;1&#8243; disabled_on=&#8221;on|off|off&#8221; _builder_version=&#8221;4.17.3&#8243; _module_preset=&#8221;default&#8221; background_enable_color=&#8221;off&#8221; background_enable_image=&#8221;off&#8221; background_size=&#8221;contain&#8221; width=&#8221;100%&#8221; max_width=&#8221;100%&#8221; custom_margin=&#8221;||0px||false|false&#8221; custom_padding=&#8221;0px||0px||false|false&#8221; global_colors_info=&#8221;{}&#8221;][et_pb_column type=&#8221;1_3&#8243; _builder_version=&#8221;4.17.3&#8243; _module_preset=&#8221;default&#8221; global_colors_info=&#8221;{}&#8221;][et_pb_image src=&#8221;http:\/\/musicaalcastell.com\/wp-content\/uploads\/2025\/06\/musica-castell-2025-va.png&#8221; title_text=&#8221;musica-castell-2025-va&#8221; _builder_version=&#8221;4.27.4&#8243; _module_preset=&#8221;default&#8221; global_colors_info=&#8221;{}&#8221;][\/et_pb_image][\/et_pb_column][et_pb_column type=&#8221;1_3&#8243; _builder_version=&#8221;4.17.3&#8243; _module_preset=&#8221;default&#8221; global_colors_info=&#8221;{}&#8221;][et_pb_image src=&#8221;http:\/\/musicaalcastell.com\/wp-content\/uploads\/2024\/04\/musica-castell-2024-Denia.png&#8221; title_text=&#8221;musica-castell-2024-Denia&#8221; _builder_version=&#8221;4.27.4&#8243; _module_preset=&#8221;default&#8221; global_colors_info=&#8221;{}&#8221;][\/et_pb_image][\/et_pb_column][et_pb_column type=&#8221;1_3&#8243; _builder_version=&#8221;4.17.3&#8243; _module_preset=&#8221;default&#8221; background_color=&#8221;#edc228&#8243; global_colors_info=&#8221;{}&#8221;][et_pb_image src=&#8221;http:\/\/musicaalcastell.com\/wp-content\/uploads\/2025\/06\/musica-al-castell-2024-va.png&#8221; title_text=&#8221;musica-al-castell-2024-va&#8221; _builder_version=&#8221;4.27.4&#8243; _module_preset=&#8221;default&#8221; global_colors_info=&#8221;{}&#8221;][\/et_pb_image][\/et_pb_column][\/et_pb_row][et_pb_row use_custom_gutter=&#8221;on&#8221; gutter_width=&#8221;1&#8243; disabled_on=&#8221;off|on|on&#8221; _builder_version=&#8221;4.17.3&#8243; _module_preset=&#8221;default&#8221; background_enable_color=&#8221;off&#8221; background_enable_image=&#8221;off&#8221; background_size=&#8221;contain&#8221; width=&#8221;100%&#8221; max_width=&#8221;100%&#8221; custom_margin=&#8221;||0px||false|false&#8221; custom_padding=&#8221;0px||0px||false|false&#8221; global_colors_info=&#8221;{}&#8221;][et_pb_column type=&#8221;4_4&#8243; _builder_version=&#8221;4.17.3&#8243; _module_preset=&#8221;default&#8221; global_colors_info=&#8221;{}&#8221;][et_pb_image src=&#8221;http:\/\/musicaalcastell.com\/wp-content\/uploads\/2025\/06\/CABECERA-MOVIL_val.jpg&#8221; title_text=&#8221;CABECERA-MOVIL_val&#8221; align=&#8221;center&#8221; _builder_version=&#8221;4.27.4&#8243; _module_preset=&#8221;default&#8221; background_color=&#8221;#e7e3d8&#8243; custom_margin=&#8221;||0px||false|false&#8221; custom_padding=&#8221;||0px||false|false&#8221; global_colors_info=&#8221;{}&#8221;][\/et_pb_image][\/et_pb_column][\/et_pb_row][\/et_pb_section][et_pb_section fb_built=&#8221;1&#8243; _builder_version=&#8221;4.21.0&#8243; background_color=&#8221;#e7e3d8&#8243; inner_width_tablet=&#8221;50px&#8221; inner_max_width_tablet=&#8221;50px&#8221; custom_margin=&#8221;||0px|&#8221; custom_padding=&#8221;||0px|&#8221; z_index_tablet=&#8221;500&#8243; global_colors_info=&#8221;{}&#8221; locked=&#8221;off&#8221;][et_pb_row _builder_version=&#8221;4.16&#8243; custom_margin=&#8221;||0px|&#8221; custom_padding=&#8221;||0px|&#8221; global_colors_info=&#8221;{}&#8221;][et_pb_column type=&#8221;4_4&#8243; _builder_version=&#8221;4.16&#8243; custom_padding=&#8221;||0px|&#8221; global_colors_info=&#8221;{}&#8221; custom_padding__hover=&#8221;|||&#8221;][et_pb_blurb title=&#8221;FINALITZA LA 32 EDICI\u00d3 DEL FESTIVAL 2024&#8243; use_icon=&#8221;on&#8221; font_icon=&#8221;&#x47;||divi||400&#8243; icon_color=&#8221;#12968a&#8221; _builder_version=&#8221;4.25.0&#8243; header_level=&#8221;h2&#8243; text_orientation=&#8221;center&#8221; z_index_tablet=&#8221;500&#8243; circle_color=&#8221;#c09209&#8243; global_colors_info=&#8221;{}&#8221;][\/et_pb_blurb][\/et_pb_column][\/et_pb_row][\/et_pb_section][et_pb_section fb_built=&#8221;1&#8243; fullwidth=&#8221;on&#8221; custom_padding_last_edited=&#8221;on|desktop&#8221; _builder_version=&#8221;4.21.0&#8243; background_color=&#8221;#e7e3d8&#8243; inner_width_tablet=&#8221;50px&#8221; inner_max_width_tablet=&#8221;50px&#8221; custom_padding=&#8221;0px|0px|0px|&#8221; custom_padding_tablet=&#8221;50px|0|50px|0&#8243; custom_padding_phone=&#8221;&#8221; z_index_tablet=&#8221;500&#8243; global_colors_info=&#8221;{}&#8221; locked=&#8221;off&#8221;][et_pb_fullwidth_header text_orientation=&#8221;center&#8221; _builder_version=&#8221;4.25.0&#8243; background_color=&#8221;rgba(255, 255, 255, 0)&#8221; background_layout=&#8221;light&#8221; z_index_tablet=&#8221;500&#8243; button_one_letter_spacing_hover=&#8221;0&#8243; button_two_letter_spacing_hover=&#8221;0&#8243; global_colors_info=&#8221;{}&#8221; button_one_text_size__hover_enabled=&#8221;off&#8221; button_one_text_size__hover=&#8221;null&#8221; button_two_text_size__hover_enabled=&#8221;off&#8221; button_two_text_size__hover=&#8221;null&#8221; button_one_text_color__hover_enabled=&#8221;off&#8221; button_one_text_color__hover=&#8221;null&#8221; button_two_text_color__hover_enabled=&#8221;off&#8221; button_two_text_color__hover=&#8221;null&#8221; button_one_border_width__hover_enabled=&#8221;off&#8221; button_one_border_width__hover=&#8221;null&#8221; button_two_border_width__hover_enabled=&#8221;off&#8221; button_two_border_width__hover=&#8221;null&#8221; button_one_border_color__hover_enabled=&#8221;off&#8221; button_one_border_color__hover=&#8221;null&#8221; button_two_border_color__hover_enabled=&#8221;off&#8221; button_two_border_color__hover=&#8221;null&#8221; button_one_border_radius__hover_enabled=&#8221;off&#8221; button_one_border_radius__hover=&#8221;null&#8221; button_two_border_radius__hover_enabled=&#8221;off&#8221; button_two_border_radius__hover=&#8221;null&#8221; button_one_letter_spacing__hover_enabled=&#8221;on&#8221; button_one_letter_spacing__hover=&#8221;0&#8243; button_two_letter_spacing__hover_enabled=&#8221;on&#8221; button_two_letter_spacing__hover=&#8221;0&#8243; button_one_bg_color__hover_enabled=&#8221;off&#8221; button_one_bg_color__hover=&#8221;null&#8221; button_two_bg_color__hover_enabled=&#8221;off&#8221; button_two_bg_color__hover=&#8221;null&#8221;]<\/p>\n<p style=\"text-align: justify;\">XXXII Festival M\u00fasica amb \u00c0nima Mediterr\u00e0nia.<\/p>\n<p style=\"text-align: justify;\"><strong>M\u00e9s de 3000 persones<\/strong> gaudixen de les nits del festival M\u00fasica al Castell de D\u00e9nia 2024<\/p>\n<p>&nbsp;<\/p>\n<p style=\"text-align: justify;\">El festival M\u00fasica al Castell de D\u00e9nia ha demostrat, una edici\u00f3 m\u00e9s, que continua sent una <strong>cita de refer\u00e8ncia per als amants de la m\u00fasica tradicional i popular.<\/strong> M\u00e9s de 3000 persones han gaudit este any de les propostes musicals seleccionades per la <strong>Regidoria de Cultura,<\/strong> omplint l&#8217;esplanada del Governador del Castell de D\u00e9nia <strong>les nits del 24 al 27 de juliol.<\/strong><\/p>\n<p>&nbsp;<\/p>\n<p style=\"text-align: justify;\">I anem del final al principi, perqu\u00e8 va ser el concert de tancament del festival, amb <strong>Rodrigo Cuevas<\/strong> presentant el seu \u00faltim espectacle La Romeria, el que va congregar el major n\u00famero de p\u00fablic: <strong>prop de 1.100 \u00e0nimes corejant, ballant i gaudint del xou de l&#8217;asturi\u00e0.<\/strong> L&#8217;apoteosi final per a quatre dies de m\u00fasica d&#8217;arrel, amb formacions de molta qualitat i varietat d&#8217;estils.<\/p>\n<p>&nbsp;<\/p>\n<p style=\"text-align: justify;\">El festival, fidel als seus principis, \u00e9s altaveu dels m\u00fasics de D\u00e9nia i de la Marina Alta. Enguany, ha sigut el <strong>Dol\u00e7 Tab Jazz Project,<\/strong> la formaci\u00f3 que lidera el dol\u00e7ainer ondarense Josep Alemany, qui va obrir la programaci\u00f3 la nit del 24 de juliol, <strong>amb prop de 1.000 espectadors entregats a les melodies que fusionen peces populars<\/strong> actualitzades amb un nou format de mescla amb el jazz.<\/p>\n<p>&nbsp;<\/p>\n<p style=\"text-align: justify;\">El dia 25, <strong>el duo Fet\u00e9n Fet\u00e9n<\/strong> \u2013Jorge Arribas i Diego Galaz- van presentar a D\u00e9nia el seu espectacle \u201cTradicional\u201d, una lectura contempor\u00e0nia de la m\u00fasica tradicional i de la m\u00fasica popular de ball -fox-trot, vals, xotis, seguidilles o havanera-, <strong>amb el seu assortiment d&#8217;instruments, a vegades, inversemblants.<\/strong><\/p>\n<p>&nbsp;<\/p>\n<p style=\"text-align: justify;\">I per a arredonir una programaci\u00f3 que ha aconseguit captivar al respectable, el flamenc ple de matisos de <strong>Amura: el projecte que reunix el cante i ball d&#8217;Isabel Chulve, el violoncel de Matthieu Saglio i la guitarra flamenca de Jos\u00e9 \u2018El Piru\u2019. <\/strong>Els tres artistes van desplegar sobre l&#8217;escenari del Castell una aventura musical que transita entre composicions pr\u00f2pies i versions de can\u00e7ons de tota la vida.<\/p>\n<p>&nbsp;<\/p>\n<p style=\"text-align: justify;\">El regidor de Cultura dianense, Ra\u00fal Garc\u00eda de la Reina, fa un balan\u00e7 \u201cmolt positiu\u201d d&#8217;esta 32a edici\u00f3 del festival \u201cper les dades d&#8217;assist\u00e8ncia, que ens revelen que la gent connecta amb les nostres propostes; per\u00f2 tamb\u00e9 per l&#8217;energia que s&#8217;ha creat cada nit entre els artistes i el p\u00fablic, convertint cada concert en una experi\u00e8ncia \u00fanica i molt gaudida\u201d. \u201cHem apostat \u2013afegeixg- per quatre propostes totalment diferents, un ventall que podia assolir tot tipus de p\u00fablic, com hem pogut comprovar cada dia del festival\u201d.<\/p>\n<p>[\/et_pb_fullwidth_header][\/et_pb_section][et_pb_section fb_built=&#8221;1&#8243; _builder_version=&#8221;4.21.0&#8243; background_color=&#8221;#e7e3d8&#8243; inner_width_tablet=&#8221;50px&#8221; inner_max_width_tablet=&#8221;50px&#8221; custom_margin=&#8221;0px||0px|&#8221; custom_padding=&#8221;0px||0px|&#8221; z_index_tablet=&#8221;500&#8243; global_colors_info=&#8221;{}&#8221; locked=&#8221;off&#8221;][et_pb_row _builder_version=&#8221;4.16&#8243; custom_margin=&#8221;||0px|&#8221; custom_padding=&#8221;||0px|&#8221; global_colors_info=&#8221;{}&#8221;][et_pb_column type=&#8221;4_4&#8243; _builder_version=&#8221;4.16&#8243; custom_padding=&#8221;||0px|&#8221; global_colors_info=&#8221;{}&#8221; custom_padding__hover=&#8221;|||&#8221;][et_pb_blurb title=&#8221;GALERIA D&#8217;IMATGES DEL FESTIVAL 2024&#8243; use_icon=&#8221;on&#8221; font_icon=&#8221;&#x47;||divi||400&#8243; icon_color=&#8221;#d13d31&#8243; _builder_version=&#8221;4.25.0&#8243; header_level=&#8221;h2&#8243; text_orientation=&#8221;center&#8221; z_index_tablet=&#8221;500&#8243; circle_color=&#8221;#c09209&#8243; global_colors_info=&#8221;{}&#8221;][\/et_pb_blurb][\/et_pb_column][\/et_pb_row][\/et_pb_section][et_pb_section fb_built=&#8221;1&#8243; custom_padding_last_edited=&#8221;on|desktop&#8221; _builder_version=&#8221;4.21.0&#8243; background_color=&#8221;#e7e3d8&#8243; inner_width_tablet=&#8221;50px&#8221; inner_max_width_tablet=&#8221;50px&#8221; custom_padding=&#8221;0px|0px|20px|0px&#8221; custom_padding_tablet=&#8221;50px|0|50px|0&#8243; custom_padding_phone=&#8221;&#8221; z_index_tablet=&#8221;500&#8243; global_colors_info=&#8221;{}&#8221; locked=&#8221;off&#8221;][et_pb_row column_structure=&#8221;1_4,1_4,1_4,1_4&#8243; padding_mobile=&#8221;off&#8221; column_padding_mobile=&#8221;on&#8221; _builder_version=&#8221;4.21.0&#8243; background_color=&#8221;#e7e3d8&#8243; background_size=&#8221;initial&#8221; background_position=&#8221;top_left&#8221; background_repeat=&#8221;repeat&#8221; width=&#8221;100%&#8221; max_width=&#8221;100%&#8221; custom_margin=&#8221;15px|0px|0px|0px&#8221; custom_padding=&#8221;0px|0px|0px|0px&#8221; custom_css_main_element=&#8221;width:100%!important;&#8221; make_fullwidth=&#8221;on&#8221; use_custom_width=&#8221;on&#8221; width_unit=&#8221;off&#8221; custom_width_percent=&#8221;100%&#8221; global_colors_info=&#8221;{}&#8221;][et_pb_column type=&#8221;1_4&#8243; module_class=&#8221;anuncio4colfull&#8221; _builder_version=&#8221;4.16&#8243; custom_padding=&#8221;15px|0px|0px|0px&#8221; global_colors_info=&#8221;{}&#8221; custom_padding__hover=&#8221;|||&#8221;][et_pb_blurb url=&#8221;@ET-DC@eyJkeW5hbWljIjp0cnVlLCJjb250ZW50IjoicG9zdF9saW5rX3VybF9wYWdlIiwic2V0dGluZ3MiOnsicG9zdF9pZCI6IjkxNzcifX0=@&#8221; url_new_window=&#8221;on&#8221; image=&#8221;http:\/\/musicaalcastell.com\/wp-content\/uploads\/2024\/08\/Musica-al-castell-Eltakataka-DOLC-TAB-JAZZ_3.jpg&#8221; module_class=&#8221;grupoprog&#8221; _builder_version=&#8221;4.25.0&#8243; _dynamic_attributes=&#8221;url&#8221; body_text_color=&#8221;#000000&#8243; body_font_size=&#8221;17&#8243; background_color=&#8221;#003849&#8243; background_size=&#8221;initial&#8221; background_position=&#8221;top_left&#8221; background_repeat=&#8221;repeat&#8221; custom_margin=&#8221;|0px|30px|0px&#8221; custom_padding=&#8221;|0px||0px&#8221; link_option_url_new_window=&#8221;on&#8221; z_index_tablet=&#8221;500&#8243; custom_css_blurb_image=&#8221;margin-bottom:10px;&#8221; use_border_color=&#8221;off&#8221; border_color=&#8221;#ffffff&#8221; border_style=&#8221;solid&#8221; global_colors_info=&#8221;{}&#8221;]<span style=\"color: #e7e3d8;\"><a style=\"color: #e7e3d8;\" href=\"https:\/\/musicaalcastell.com\/ca\/programacio\/dolc-tab-jazz-project\/\">DOL\u00c7 TAB JAZZ PROJECT<\/a><\/span>[\/et_pb_blurb][\/et_pb_column][et_pb_column type=&#8221;1_4&#8243; module_class=&#8221;anuncio4colfull&#8221; _builder_version=&#8221;4.16&#8243; custom_padding=&#8221;15px|0px|0px|0px&#8221; global_colors_info=&#8221;{}&#8221; custom_padding__hover=&#8221;|||&#8221;][et_pb_blurb url=&#8221;@ET-DC@eyJkeW5hbWljIjp0cnVlLCJjb250ZW50IjoicG9zdF9saW5rX3VybF9wYWdlIiwic2V0dGluZ3MiOnsicG9zdF9pZCI6IjkxNzcifX0=@&#8221; url_new_window=&#8221;on&#8221; image=&#8221;http:\/\/musicaalcastell.com\/wp-content\/uploads\/2024\/08\/Musica-al-castell-Eltakataka-DOLC-TAB-JAZZ_2.jpg&#8221; image_icon_width=&#8221;none&#8221; module_class=&#8221;grupoprog&#8221; _builder_version=&#8221;4.25.0&#8243; _dynamic_attributes=&#8221;url&#8221; body_text_color=&#8221;#000000&#8243; body_font_size=&#8221;17&#8243; background_color=&#8221;#003849&#8243; background_size=&#8221;initial&#8221; background_position=&#8221;top_left&#8221; background_repeat=&#8221;repeat&#8221; max_width_tablet=&#8221;50px&#8221; custom_margin=&#8221;|0px|30px|0px&#8221; custom_padding=&#8221;|0px||0px&#8221; link_option_url_new_window=&#8221;on&#8221; z_index_tablet=&#8221;500&#8243; custom_css_blurb_image=&#8221;margin-bottom:10px;&#8221; custom_css_blurb_content=&#8221;min-height:30px;&#8221; use_border_color=&#8221;off&#8221; image_max_width=&#8221;none&#8221; global_colors_info=&#8221;{}&#8221;]<a style=\"color: #e7e3d8;\" href=\"https:\/\/musicaalcastell.com\/ca\/programacio\/dolc-tab-jazz-project\/\">Fusi\u00f3 de m\u00fasica valenciana<\/a>[\/et_pb_blurb][\/et_pb_column][et_pb_column type=&#8221;1_4&#8243; module_class=&#8221;anuncio4colfull&#8221; _builder_version=&#8221;4.16&#8243; custom_padding=&#8221;15px|0px|0px|0px&#8221; global_colors_info=&#8221;{}&#8221; custom_padding__hover=&#8221;|||&#8221;][et_pb_blurb url=&#8221;@ET-DC@eyJkeW5hbWljIjp0cnVlLCJjb250ZW50IjoicG9zdF9saW5rX3VybF9wYWdlIiwic2V0dGluZ3MiOnsicG9zdF9pZCI6IjkxNzcifX0=@&#8221; url_new_window=&#8221;on&#8221; image=&#8221;http:\/\/musicaalcastell.com\/wp-content\/uploads\/2024\/08\/Musica-al-castell-Eltakataka-DOLC-TAB-JAZZ_1.jpg&#8221; image_icon_width=&#8221;none&#8221; module_class=&#8221;grupoprog&#8221; _builder_version=&#8221;4.25.0&#8243; _dynamic_attributes=&#8221;url&#8221; body_text_color=&#8221;#000000&#8243; body_font_size=&#8221;17&#8243; background_color=&#8221;#003849&#8243; background_size=&#8221;initial&#8221; background_position=&#8221;top_left&#8221; background_repeat=&#8221;repeat&#8221; max_width_tablet=&#8221;50px&#8221; custom_margin=&#8221;|0px|30px|0px&#8221; custom_padding=&#8221;|0px||0px&#8221; link_option_url_new_window=&#8221;on&#8221; z_index_tablet=&#8221;500&#8243; custom_css_blurb_image=&#8221;margin-bottom:10px;&#8221; use_border_color=&#8221;off&#8221; image_max_width=&#8221;none&#8221; global_colors_info=&#8221;{}&#8221;][\/et_pb_blurb][\/et_pb_column][et_pb_column type=&#8221;1_4&#8243; module_class=&#8221;anuncio4colfull&#8221; _builder_version=&#8221;4.16&#8243; custom_padding=&#8221;15px|0px|0px|0px&#8221; global_colors_info=&#8221;{}&#8221; custom_padding__hover=&#8221;|||&#8221;][et_pb_blurb url=&#8221;@ET-DC@eyJkeW5hbWljIjp0cnVlLCJjb250ZW50IjoicG9zdF9saW5rX3VybF9wYWdlIiwic2V0dGluZ3MiOnsicG9zdF9pZCI6Ijc1NTUifX0=@&#8221; url_new_window=&#8221;on&#8221; image=&#8221;http:\/\/musicaalcastell.com\/wp-content\/uploads\/2024\/08\/Musica-al-castell-Eltakataka-ABRAHAM-CUPEIRO_4.jpg&#8221; image_icon_width=&#8221;none&#8221; module_class=&#8221;grupoprog&#8221; _builder_version=&#8221;4.25.0&#8243; _dynamic_attributes=&#8221;url&#8221; body_text_color=&#8221;#000000&#8243; body_font_size=&#8221;17&#8243; background_color=&#8221;#003849&#8243; background_size=&#8221;initial&#8221; background_position=&#8221;top_left&#8221; background_repeat=&#8221;repeat&#8221; max_width_tablet=&#8221;50px&#8221; custom_margin=&#8221;|0px|30px|0px&#8221; custom_padding=&#8221;|0px||0px&#8221; link_option_url_new_window=&#8221;on&#8221; z_index_tablet=&#8221;500&#8243; custom_css_blurb_image=&#8221;margin-bottom:10px;&#8221; custom_css_blurb_content=&#8221;min-height:30px;&#8221; use_border_color=&#8221;off&#8221; image_max_width=&#8221;none&#8221; global_colors_info=&#8221;{}&#8221;][\/et_pb_blurb][\/et_pb_column][\/et_pb_row][et_pb_row column_structure=&#8221;1_4,1_4,1_4,1_4&#8243; padding_mobile=&#8221;off&#8221; column_padding_mobile=&#8221;on&#8221; _builder_version=&#8221;4.21.0&#8243; background_color=&#8221;#e7e3d8&#8243; background_size=&#8221;initial&#8221; background_position=&#8221;top_left&#8221; background_repeat=&#8221;repeat&#8221; width=&#8221;100%&#8221; max_width=&#8221;100%&#8221; custom_margin=&#8221;15px|0px|0px|0px&#8221; custom_padding=&#8221;0px|0px|0px|0px&#8221; custom_css_main_element=&#8221;width:100%!important;&#8221; make_fullwidth=&#8221;on&#8221; use_custom_width=&#8221;on&#8221; width_unit=&#8221;off&#8221; custom_width_percent=&#8221;100%&#8221; global_colors_info=&#8221;{}&#8221;][et_pb_column type=&#8221;1_4&#8243; module_class=&#8221;anuncio4colfull&#8221; _builder_version=&#8221;4.16&#8243; custom_padding=&#8221;15px|0px|0px|0px&#8221; global_colors_info=&#8221;{}&#8221; custom_padding__hover=&#8221;|||&#8221;][et_pb_blurb url=&#8221;@ET-DC@eyJkeW5hbWljIjp0cnVlLCJjb250ZW50IjoicG9zdF9saW5rX3VybF9wYWdlIiwic2V0dGluZ3MiOnsicG9zdF9pZCI6IjkxNjIifX0=@&#8221; url_new_window=&#8221;on&#8221; image=&#8221;http:\/\/musicaalcastell.com\/wp-content\/uploads\/2024\/08\/Musica-al-castell-Eltakataka-FETEN-FETEN_1-1.jpg&#8221; module_class=&#8221;grupoprog&#8221; _builder_version=&#8221;4.25.0&#8243; _dynamic_attributes=&#8221;url&#8221; body_text_color=&#8221;#000000&#8243; body_font_size=&#8221;17&#8243; background_color=&#8221;#d7a511&#8243; background_size=&#8221;initial&#8221; background_position=&#8221;top_left&#8221; background_repeat=&#8221;repeat&#8221; custom_margin=&#8221;|0px|30px|0px&#8221; custom_padding=&#8221;|0px||0px&#8221; z_index_tablet=&#8221;500&#8243; custom_css_blurb_image=&#8221;margin-bottom:10px;&#8221; use_border_color=&#8221;off&#8221; border_color=&#8221;#ffffff&#8221; border_style=&#8221;solid&#8221; global_colors_info=&#8221;{}&#8221;]<span style=\"color: #e7e3d8;\"><a style=\"color: #e7e3d8;\" href=\"https:\/\/musicaalcastell.com\/ca\/programacio\/feten-feten\/\">FET\u00c9N FET\u00c9N<\/a><\/span>[\/et_pb_blurb][\/et_pb_column][et_pb_column type=&#8221;1_4&#8243; module_class=&#8221;anuncio4colfull&#8221; _builder_version=&#8221;4.16&#8243; custom_padding=&#8221;15px|0px|0px|0px&#8221; global_colors_info=&#8221;{}&#8221; custom_padding__hover=&#8221;|||&#8221;][et_pb_blurb url=&#8221;@ET-DC@eyJkeW5hbWljIjp0cnVlLCJjb250ZW50IjoicG9zdF9saW5rX3VybF9wYWdlIiwic2V0dGluZ3MiOnsicG9zdF9pZCI6IjkxNjIifX0=@&#8221; url_new_window=&#8221;on&#8221; image=&#8221;http:\/\/musicaalcastell.com\/wp-content\/uploads\/2024\/08\/Musica-al-castell-Eltakataka-FETEN-FETEN_2.jpg&#8221; image_icon_width=&#8221;none&#8221; module_class=&#8221;grupoprog&#8221; _builder_version=&#8221;4.25.0&#8243; _dynamic_attributes=&#8221;url&#8221; body_text_color=&#8221;#000000&#8243; body_font_size=&#8221;17&#8243; background_color=&#8221;#d7a511&#8243; background_size=&#8221;initial&#8221; background_position=&#8221;top_left&#8221; background_repeat=&#8221;repeat&#8221; max_width_tablet=&#8221;50px&#8221; custom_margin=&#8221;|0px|30px|0px&#8221; custom_padding=&#8221;|0px||0px&#8221; z_index_tablet=&#8221;500&#8243; custom_css_blurb_image=&#8221;margin-bottom:10px;&#8221; custom_css_blurb_content=&#8221;min-height:30px;&#8221; use_border_color=&#8221;off&#8221; image_max_width=&#8221;none&#8221; global_colors_info=&#8221;{}&#8221;]<a style=\"color: #e7e3d8;\" href=\"https:\/\/musicaalcastell.com\/ca\/programacio\/feten-feten\/\">\u201cTradicional\u201c. M\u00fasiques D&#8217;Arrel<\/a>[\/et_pb_blurb][\/et_pb_column][et_pb_column type=&#8221;1_4&#8243; module_class=&#8221;anuncio4colfull&#8221; _builder_version=&#8221;4.16&#8243; custom_padding=&#8221;15px|0px|0px|0px&#8221; global_colors_info=&#8221;{}&#8221; custom_padding__hover=&#8221;|||&#8221;][et_pb_blurb url=&#8221;@ET-DC@eyJkeW5hbWljIjp0cnVlLCJjb250ZW50IjoicG9zdF9saW5rX3VybF9wYWdlIiwic2V0dGluZ3MiOnsicG9zdF9pZCI6IjkxNjIifX0=@&#8221; url_new_window=&#8221;on&#8221; image=&#8221;http:\/\/musicaalcastell.com\/wp-content\/uploads\/2024\/08\/Musica-al-castell-Eltakataka-FETEN-FETEN_3.jpg&#8221; image_icon_width=&#8221;none&#8221; module_class=&#8221;grupoprog&#8221; _builder_version=&#8221;4.25.0&#8243; _dynamic_attributes=&#8221;url&#8221; body_text_color=&#8221;#000000&#8243; body_font_size=&#8221;17&#8243; background_color=&#8221;#d7a511&#8243; background_size=&#8221;initial&#8221; background_position=&#8221;top_left&#8221; background_repeat=&#8221;repeat&#8221; max_width_tablet=&#8221;50px&#8221; custom_margin=&#8221;|0px|30px|0px&#8221; custom_padding=&#8221;|0px||0px&#8221; link_option_url_new_window=&#8221;on&#8221; z_index_tablet=&#8221;500&#8243; custom_css_blurb_image=&#8221;margin-bottom:10px;&#8221; use_border_color=&#8221;off&#8221; image_max_width=&#8221;none&#8221; global_colors_info=&#8221;{}&#8221;][\/et_pb_blurb][\/et_pb_column][et_pb_column type=&#8221;1_4&#8243; module_class=&#8221;anuncio4colfull&#8221; _builder_version=&#8221;4.16&#8243; custom_padding=&#8221;15px|0px|0px|0px&#8221; global_colors_info=&#8221;{}&#8221; custom_padding__hover=&#8221;|||&#8221;][et_pb_blurb url=&#8221;@ET-DC@eyJkeW5hbWljIjp0cnVlLCJjb250ZW50IjoicG9zdF9saW5rX3VybF9wYWdlIiwic2V0dGluZ3MiOnsicG9zdF9pZCI6IjkxNjIifX0=@&#8221; url_new_window=&#8221;on&#8221; image=&#8221;http:\/\/musicaalcastell.com\/wp-content\/uploads\/2024\/08\/Musica-al-castell-Eltakataka-FETEN-FETEN_4.jpg&#8221; image_icon_width=&#8221;none&#8221; module_class=&#8221;grupoprog&#8221; _builder_version=&#8221;4.25.0&#8243; _dynamic_attributes=&#8221;url&#8221; body_text_color=&#8221;#000000&#8243; body_font_size=&#8221;17&#8243; background_color=&#8221;#d7a511&#8243; background_size=&#8221;initial&#8221; background_position=&#8221;top_left&#8221; background_repeat=&#8221;repeat&#8221; max_width_tablet=&#8221;50px&#8221; custom_margin=&#8221;|0px|30px|0px&#8221; custom_padding=&#8221;|0px||0px&#8221; link_option_url_new_window=&#8221;on&#8221; z_index_tablet=&#8221;500&#8243; custom_css_blurb_image=&#8221;margin-bottom:10px;&#8221; custom_css_blurb_content=&#8221;min-height:30px;&#8221; use_border_color=&#8221;off&#8221; image_max_width=&#8221;none&#8221; global_colors_info=&#8221;{}&#8221;][\/et_pb_blurb][\/et_pb_column][\/et_pb_row][et_pb_row column_structure=&#8221;1_4,1_4,1_4,1_4&#8243; padding_mobile=&#8221;off&#8221; column_padding_mobile=&#8221;on&#8221; _builder_version=&#8221;4.21.0&#8243; background_color=&#8221;#e7e3d8&#8243; background_size=&#8221;initial&#8221; background_position=&#8221;top_left&#8221; background_repeat=&#8221;repeat&#8221; width=&#8221;100%&#8221; max_width=&#8221;100%&#8221; custom_margin=&#8221;15px|0px|0px|0px&#8221; custom_padding=&#8221;0px|0px|0px|0px&#8221; custom_css_main_element=&#8221;width:100%!important;&#8221; make_fullwidth=&#8221;on&#8221; use_custom_width=&#8221;on&#8221; width_unit=&#8221;off&#8221; custom_width_percent=&#8221;100%&#8221; global_colors_info=&#8221;{}&#8221;][et_pb_column type=&#8221;1_4&#8243; module_class=&#8221;anuncio4colfull&#8221; _builder_version=&#8221;4.16&#8243; custom_padding=&#8221;15px|0px|0px|0px&#8221; global_colors_info=&#8221;{}&#8221; custom_padding__hover=&#8221;|||&#8221;][et_pb_blurb url=&#8221;@ET-DC@eyJkeW5hbWljIjp0cnVlLCJjb250ZW50IjoicG9zdF9saW5rX3VybF9wYWdlIiwic2V0dGluZ3MiOnsicG9zdF9pZCI6IjkwODQifX0=@&#8221; url_new_window=&#8221;on&#8221; image=&#8221;http:\/\/musicaalcastell.com\/wp-content\/uploads\/2024\/08\/Musica-al-castell-Eltakataka-web-AMURA_4.jpg&#8221; alt=&#8221;Musica-al-castell-Eltakataka-web-AMURA_4&#8243; module_class=&#8221;grupoprog&#8221; _builder_version=&#8221;4.25.0&#8243; _dynamic_attributes=&#8221;url&#8221; body_text_color=&#8221;#000000&#8243; body_font_size=&#8221;17&#8243; background_color=&#8221;#d13d31&#8243; background_size=&#8221;initial&#8221; background_position=&#8221;top_left&#8221; background_repeat=&#8221;repeat&#8221; custom_margin=&#8221;|0px|30px|0px&#8221; custom_padding=&#8221;|0px||0px&#8221; z_index_tablet=&#8221;500&#8243; custom_css_blurb_image=&#8221;margin-bottom:10px;&#8221; use_border_color=&#8221;off&#8221; border_color=&#8221;#ffffff&#8221; border_style=&#8221;solid&#8221; global_colors_info=&#8221;{}&#8221;]<span style=\"color: #e7e3d8;\"><a style=\"color: #e7e3d8;\" href=\"https:\/\/musicaalcastell.com\/ca\/programacio\/amura\/\">AMURA<\/a><\/span>[\/et_pb_blurb][\/et_pb_column][et_pb_column type=&#8221;1_4&#8243; module_class=&#8221;anuncio4colfull&#8221; _builder_version=&#8221;4.16&#8243; custom_padding=&#8221;15px|0px|0px|0px&#8221; global_colors_info=&#8221;{}&#8221; custom_padding__hover=&#8221;|||&#8221;][et_pb_blurb url=&#8221;@ET-DC@eyJkeW5hbWljIjp0cnVlLCJjb250ZW50IjoicG9zdF9saW5rX3VybF9wYWdlIiwic2V0dGluZ3MiOnsicG9zdF9pZCI6IjkwODQifX0=@&#8221; url_new_window=&#8221;on&#8221; image=&#8221;http:\/\/musicaalcastell.com\/wp-content\/uploads\/2024\/08\/Musica-al-castell-Eltakataka-web-AMURA_3.jpg&#8221; image_icon_width=&#8221;none&#8221; module_class=&#8221;grupoprog&#8221; _builder_version=&#8221;4.25.0&#8243; _dynamic_attributes=&#8221;url&#8221; body_text_color=&#8221;#000000&#8243; body_font_size=&#8221;17&#8243; background_color=&#8221;#d13d31&#8243; background_size=&#8221;initial&#8221; background_position=&#8221;top_left&#8221; background_repeat=&#8221;repeat&#8221; max_width_tablet=&#8221;50px&#8221; custom_margin=&#8221;|0px|30px|0px&#8221; custom_padding=&#8221;|0px||0px&#8221; z_index_tablet=&#8221;500&#8243; custom_css_blurb_image=&#8221;margin-bottom:10px;&#8221; custom_css_blurb_content=&#8221;min-height:30px;&#8221; use_border_color=&#8221;off&#8221; image_max_width=&#8221;none&#8221; global_colors_info=&#8221;{}&#8221;]<a style=\"color: #e7e3d8;\" href=\"https:\/\/musicaalcastell.com\/ca\/programacio\/amura\/\">Flamenc<\/a>[\/et_pb_blurb][\/et_pb_column][et_pb_column type=&#8221;1_4&#8243; module_class=&#8221;anuncio4colfull&#8221; _builder_version=&#8221;4.16&#8243; custom_padding=&#8221;15px|0px|0px|0px&#8221; global_colors_info=&#8221;{}&#8221; custom_padding__hover=&#8221;|||&#8221;][et_pb_blurb url=&#8221;@ET-DC@eyJkeW5hbWljIjp0cnVlLCJjb250ZW50IjoicG9zdF9saW5rX3VybF9wYWdlIiwic2V0dGluZ3MiOnsicG9zdF9pZCI6IjkwODQifX0=@&#8221; url_new_window=&#8221;on&#8221; image=&#8221;http:\/\/musicaalcastell.com\/wp-content\/uploads\/2024\/08\/Musica-al-castell-Eltakataka-web-AMURA_2.jpg&#8221; alt=&#8221;Musica-al-castell-Eltakataka-web-AMURA_2&#8243; image_icon_width=&#8221;none&#8221; module_class=&#8221;grupoprog&#8221; _builder_version=&#8221;4.25.0&#8243; _dynamic_attributes=&#8221;url&#8221; body_text_color=&#8221;#000000&#8243; body_font_size=&#8221;17&#8243; background_color=&#8221;#d13d31&#8243; background_size=&#8221;initial&#8221; background_position=&#8221;top_left&#8221; background_repeat=&#8221;repeat&#8221; max_width_tablet=&#8221;50px&#8221; custom_margin=&#8221;|0px|30px|0px&#8221; custom_padding=&#8221;|0px||0px&#8221; link_option_url_new_window=&#8221;on&#8221; z_index_tablet=&#8221;500&#8243; custom_css_blurb_image=&#8221;margin-bottom:10px;&#8221; use_border_color=&#8221;off&#8221; image_max_width=&#8221;none&#8221; global_colors_info=&#8221;{}&#8221;][\/et_pb_blurb][\/et_pb_column][et_pb_column type=&#8221;1_4&#8243; module_class=&#8221;anuncio4colfull&#8221; _builder_version=&#8221;4.16&#8243; custom_padding=&#8221;15px|0px|0px|0px&#8221; global_colors_info=&#8221;{}&#8221; custom_padding__hover=&#8221;|||&#8221;][et_pb_blurb url=&#8221;@ET-DC@eyJkeW5hbWljIjp0cnVlLCJjb250ZW50IjoicG9zdF9saW5rX3VybF9wYWdlIiwic2V0dGluZ3MiOnsicG9zdF9pZCI6IjkwODQifX0=@&#8221; url_new_window=&#8221;on&#8221; image=&#8221;http:\/\/musicaalcastell.com\/wp-content\/uploads\/2024\/08\/Musica-al-castell-Eltakataka-web-AMURA_1.jpg&#8221; alt=&#8221;Musica-al-castell-Eltakataka-web-AMURA_1&#8243; image_icon_width=&#8221;none&#8221; module_class=&#8221;grupoprog&#8221; _builder_version=&#8221;4.25.0&#8243; _dynamic_attributes=&#8221;url&#8221; body_text_color=&#8221;#000000&#8243; body_font_size=&#8221;17&#8243; background_color=&#8221;#d13d31&#8243; background_size=&#8221;initial&#8221; background_position=&#8221;top_left&#8221; background_repeat=&#8221;repeat&#8221; max_width_tablet=&#8221;50px&#8221; custom_margin=&#8221;|0px|30px|0px&#8221; custom_padding=&#8221;|0px||0px&#8221; link_option_url_new_window=&#8221;on&#8221; z_index_tablet=&#8221;500&#8243; custom_css_blurb_image=&#8221;margin-bottom:10px;&#8221; custom_css_blurb_content=&#8221;min-height:30px;&#8221; use_border_color=&#8221;off&#8221; image_max_width=&#8221;none&#8221; global_colors_info=&#8221;{}&#8221;][\/et_pb_blurb][\/et_pb_column][\/et_pb_row][et_pb_row column_structure=&#8221;1_4,1_4,1_4,1_4&#8243; padding_mobile=&#8221;off&#8221; column_padding_mobile=&#8221;on&#8221; _builder_version=&#8221;4.21.0&#8243; background_color=&#8221;#e7e3d8&#8243; background_size=&#8221;initial&#8221; background_position=&#8221;top_left&#8221; background_repeat=&#8221;repeat&#8221; width=&#8221;100%&#8221; max_width=&#8221;100%&#8221; custom_margin=&#8221;15px|0px|0px|0px&#8221; custom_padding=&#8221;0px|0px|0px|0px&#8221; custom_css_main_element=&#8221;width:100%!important;&#8221; make_fullwidth=&#8221;on&#8221; use_custom_width=&#8221;on&#8221; width_unit=&#8221;off&#8221; custom_width_percent=&#8221;100%&#8221; global_colors_info=&#8221;{}&#8221;][et_pb_column type=&#8221;1_4&#8243; module_class=&#8221;anuncio4colfull&#8221; _builder_version=&#8221;4.16&#8243; custom_padding=&#8221;15px|0px|0px|0px&#8221; global_colors_info=&#8221;{}&#8221; custom_padding__hover=&#8221;|||&#8221;][et_pb_blurb url=&#8221;@ET-DC@eyJkeW5hbWljIjp0cnVlLCJjb250ZW50IjoicG9zdF9saW5rX3VybF9wYWdlIiwic2V0dGluZ3MiOnsicG9zdF9pZCI6IjkxODgifX0=@&#8221; url_new_window=&#8221;on&#8221; image=&#8221;http:\/\/musicaalcastell.com\/wp-content\/uploads\/2024\/08\/Musica-al-castell-Eltakataka-web-RODRIGO-CUEVAS_1.jpg&#8221; alt=&#8221;Musica-al-castell-Eltakataka-web-RODRIGO-CUEVAS_1&#8243; module_class=&#8221;grupoprog&#8221; _builder_version=&#8221;4.25.0&#8243; _dynamic_attributes=&#8221;url&#8221; body_text_color=&#8221;#000000&#8243; body_font_size=&#8221;17&#8243; background_color=&#8221;#003849&#8243; background_size=&#8221;initial&#8221; background_position=&#8221;top_left&#8221; background_repeat=&#8221;repeat&#8221; custom_margin=&#8221;|0px|30px|0px&#8221; custom_padding=&#8221;|0px||0px&#8221; link_option_url_new_window=&#8221;on&#8221; z_index_tablet=&#8221;500&#8243; custom_css_blurb_image=&#8221;margin-bottom:10px;&#8221; use_border_color=&#8221;off&#8221; border_color=&#8221;#ffffff&#8221; border_style=&#8221;solid&#8221; global_colors_info=&#8221;{}&#8221;]<a style=\"color: #e7e3d8;\" href=\"https:\/\/musicaalcastell.com\/ca\/programacio\/rodrigo-cuevas\/\">RODRIGO CUEVAS<\/a>[\/et_pb_blurb][\/et_pb_column][et_pb_column type=&#8221;1_4&#8243; module_class=&#8221;anuncio4colfull&#8221; _builder_version=&#8221;4.16&#8243; custom_padding=&#8221;15px|0px|0px|0px&#8221; global_colors_info=&#8221;{}&#8221; custom_padding__hover=&#8221;|||&#8221;][et_pb_blurb url=&#8221;@ET-DC@eyJkeW5hbWljIjp0cnVlLCJjb250ZW50IjoicG9zdF9saW5rX3VybF9wYWdlIiwic2V0dGluZ3MiOnsicG9zdF9pZCI6IjkxODgifX0=@&#8221; url_new_window=&#8221;on&#8221; image=&#8221;http:\/\/musicaalcastell.com\/wp-content\/uploads\/2024\/08\/Musica-al-castell-Eltakataka-web-RODRIGO-CUEVAS_2.jpg&#8221; alt=&#8221;Musica-al-castell-Eltakataka-web-RODRIGO-CUEVAS_2&#8243; image_icon_width=&#8221;none&#8221; module_class=&#8221;grupoprog&#8221; _builder_version=&#8221;4.25.0&#8243; _dynamic_attributes=&#8221;url&#8221; body_text_color=&#8221;#000000&#8243; body_font_size=&#8221;17&#8243; background_color=&#8221;#003849&#8243; background_size=&#8221;initial&#8221; background_position=&#8221;top_left&#8221; background_repeat=&#8221;repeat&#8221; max_width_tablet=&#8221;50px&#8221; custom_margin=&#8221;|0px|30px|0px&#8221; custom_padding=&#8221;|0px||0px&#8221; z_index_tablet=&#8221;500&#8243; custom_css_blurb_image=&#8221;margin-bottom:10px;&#8221; custom_css_blurb_content=&#8221;min-height:30px;&#8221; use_border_color=&#8221;off&#8221; image_max_width=&#8221;none&#8221; global_colors_info=&#8221;{}&#8221;]<a style=\"color: #e7e3d8;\" href=\"https:\/\/musicaalcastell.com\/ca\/programacio\/rodrigo-cuevas\/\">La Romeria<\/a>[\/et_pb_blurb][\/et_pb_column][et_pb_column type=&#8221;1_4&#8243; module_class=&#8221;anuncio4colfull&#8221; _builder_version=&#8221;4.16&#8243; custom_padding=&#8221;15px|0px|0px|0px&#8221; global_colors_info=&#8221;{}&#8221; custom_padding__hover=&#8221;|||&#8221;][et_pb_blurb url=&#8221;@ET-DC@eyJkeW5hbWljIjp0cnVlLCJjb250ZW50IjoicG9zdF9saW5rX3VybF9wYWdlIiwic2V0dGluZ3MiOnsicG9zdF9pZCI6IjkxODgifX0=@&#8221; url_new_window=&#8221;on&#8221; image=&#8221;http:\/\/musicaalcastell.com\/wp-content\/uploads\/2024\/08\/Musica-al-castell-Eltakataka-web-RODRIGO-CUEVAS_3.jpg&#8221; alt=&#8221;Musica-al-castell-Eltakataka-web-RODRIGO-CUEVAS_3&#8243; image_icon_width=&#8221;none&#8221; module_class=&#8221;grupoprog&#8221; _builder_version=&#8221;4.25.0&#8243; _dynamic_attributes=&#8221;url&#8221; body_text_color=&#8221;#000000&#8243; body_font_size=&#8221;17&#8243; background_color=&#8221;#003849&#8243; background_size=&#8221;initial&#8221; background_position=&#8221;top_left&#8221; background_repeat=&#8221;repeat&#8221; max_width_tablet=&#8221;50px&#8221; custom_margin=&#8221;|0px|30px|0px&#8221; custom_padding=&#8221;|0px||0px&#8221; z_index_tablet=&#8221;500&#8243; custom_css_blurb_image=&#8221;margin-bottom:10px;&#8221; use_border_color=&#8221;off&#8221; image_max_width=&#8221;none&#8221; global_colors_info=&#8221;{}&#8221;][\/et_pb_blurb][\/et_pb_column][et_pb_column type=&#8221;1_4&#8243; module_class=&#8221;anuncio4colfull&#8221; _builder_version=&#8221;4.16&#8243; custom_padding=&#8221;15px|0px|0px|0px&#8221; global_colors_info=&#8221;{}&#8221; custom_padding__hover=&#8221;|||&#8221;][et_pb_blurb url=&#8221;@ET-DC@eyJkeW5hbWljIjp0cnVlLCJjb250ZW50IjoicG9zdF9saW5rX3VybF9wYWdlIiwic2V0dGluZ3MiOnsicG9zdF9pZCI6IjkxODgifX0=@&#8221; url_new_window=&#8221;on&#8221; image=&#8221;http:\/\/musicaalcastell.com\/wp-content\/uploads\/2024\/08\/Musica-al-castell-Eltakataka-web-RODRIGO-CUEVAS_4.jpg&#8221; alt=&#8221;Musica-al-castell-Eltakataka-web-RODRIGO-CUEVAS_4&#8243; image_icon_width=&#8221;none&#8221; module_class=&#8221;grupoprog&#8221; _builder_version=&#8221;4.25.0&#8243; _dynamic_attributes=&#8221;url&#8221; body_text_color=&#8221;#000000&#8243; body_font_size=&#8221;17&#8243; background_color=&#8221;#003849&#8243; background_size=&#8221;initial&#8221; background_position=&#8221;top_left&#8221; background_repeat=&#8221;repeat&#8221; max_width_tablet=&#8221;50px&#8221; custom_margin=&#8221;|0px|30px|0px&#8221; custom_padding=&#8221;|0px||0px&#8221; link_option_url_new_window=&#8221;on&#8221; z_index_tablet=&#8221;500&#8243; custom_css_blurb_image=&#8221;margin-bottom:10px;&#8221; custom_css_blurb_content=&#8221;min-height:30px;&#8221; use_border_color=&#8221;off&#8221; image_max_width=&#8221;none&#8221; global_colors_info=&#8221;{}&#8221;][\/et_pb_blurb][\/et_pb_column][\/et_pb_row][et_pb_row column_structure=&#8221;1_4,1_4,1_4,1_4&#8243; padding_mobile=&#8221;off&#8221; column_padding_mobile=&#8221;on&#8221; _builder_version=&#8221;4.21.0&#8243; background_color=&#8221;#e7e3d8&#8243; background_size=&#8221;initial&#8221; background_position=&#8221;top_left&#8221; background_repeat=&#8221;repeat&#8221; width=&#8221;100%&#8221; max_width=&#8221;100%&#8221; custom_margin=&#8221;15px|0px|0px|0px&#8221; custom_padding=&#8221;0px|0px|0px|0px&#8221; custom_css_main_element=&#8221;width:100%!important;&#8221; make_fullwidth=&#8221;on&#8221; use_custom_width=&#8221;on&#8221; width_unit=&#8221;off&#8221; custom_width_percent=&#8221;100%&#8221; global_colors_info=&#8221;{}&#8221;][et_pb_column type=&#8221;1_4&#8243; module_class=&#8221;anuncio4colfull&#8221; _builder_version=&#8221;4.16&#8243; custom_padding=&#8221;15px|0px|0px|0px&#8221; global_colors_info=&#8221;{}&#8221; custom_padding__hover=&#8221;|||&#8221;][et_pb_blurb url=&#8221;https:\/\/musicaalcastell.com\/ca\/denia-cultura-museus-i-patrimoni\/&#8221; url_new_window=&#8221;on&#8221; image=&#8221;http:\/\/musicaalcastell.com\/wp-content\/uploads\/2024\/08\/Musica-al-castell-Eltakataka-web-PUBLIC_1-1.jpg&#8221; alt=&#8221;Musica-al-castell-Eltakataka-web-PUBLIC_1&#8243; module_class=&#8221;grupoprog&#8221; _builder_version=&#8221;4.25.0&#8243; body_text_color=&#8221;#000000&#8243; body_font_size=&#8221;17&#8243; background_color=&#8221;#12968a&#8221; background_size=&#8221;initial&#8221; background_position=&#8221;top_left&#8221; background_repeat=&#8221;repeat&#8221; custom_margin=&#8221;|0px|30px|0px&#8221; custom_padding=&#8221;|0px||0px&#8221; link_option_url_new_window=&#8221;on&#8221; z_index_tablet=&#8221;500&#8243; custom_css_blurb_image=&#8221;margin-bottom:10px;&#8221; use_border_color=&#8221;off&#8221; border_color=&#8221;#ffffff&#8221; border_style=&#8221;solid&#8221; global_colors_info=&#8221;{}&#8221;]<a style=\"color: #e7e3d8;\" href=\"https:\/\/musicaalcastell.com\/ca\/denia-cultura-museus-i-patrimoni\/\">M\u00fasica al Castell reuneix a D\u00e9nia 3.000 espectadors<\/a>[\/et_pb_blurb][\/et_pb_column][et_pb_column type=&#8221;1_4&#8243; module_class=&#8221;anuncio4colfull&#8221; _builder_version=&#8221;4.16&#8243; custom_padding=&#8221;15px|0px|0px|0px&#8221; global_colors_info=&#8221;{}&#8221; custom_padding__hover=&#8221;|||&#8221;][et_pb_blurb url=&#8221;https:\/\/musicaalcastell.com\/ca\/denia-cultura-museus-i-patrimoni\/&#8221; url_new_window=&#8221;on&#8221; image=&#8221;http:\/\/musicaalcastell.com\/wp-content\/uploads\/2024\/08\/Musica-al-castell-Eltakataka-web-PUBLIC_2.jpg&#8221; alt=&#8221;Musica-al-castell-Eltakataka-web-PUBLIC_2&#8243; image_icon_width=&#8221;none&#8221; module_class=&#8221;grupoprog&#8221; _builder_version=&#8221;4.25.0&#8243; body_text_color=&#8221;#000000&#8243; body_font_size=&#8221;17&#8243; background_color=&#8221;#12968a&#8221; background_size=&#8221;initial&#8221; background_position=&#8221;top_left&#8221; background_repeat=&#8221;repeat&#8221; max_width_tablet=&#8221;50px&#8221; custom_margin=&#8221;|0px|30px|0px&#8221; custom_padding=&#8221;|0px||0px&#8221; link_option_url_new_window=&#8221;on&#8221; z_index_tablet=&#8221;500&#8243; custom_css_blurb_image=&#8221;margin-bottom:10px;&#8221; custom_css_blurb_content=&#8221;min-height:30px;&#8221; use_border_color=&#8221;off&#8221; image_max_width=&#8221;none&#8221; global_colors_info=&#8221;{}&#8221;][\/et_pb_blurb][\/et_pb_column][et_pb_column type=&#8221;1_4&#8243; module_class=&#8221;anuncio4colfull&#8221; _builder_version=&#8221;4.16&#8243; custom_padding=&#8221;15px|0px|0px|0px&#8221; global_colors_info=&#8221;{}&#8221; custom_padding__hover=&#8221;|||&#8221;][et_pb_blurb url=&#8221;https:\/\/musicaalcastell.com\/ca\/denia-cultura-museus-i-patrimoni\/&#8221; url_new_window=&#8221;on&#8221; image=&#8221;http:\/\/musicaalcastell.com\/wp-content\/uploads\/2024\/08\/Musica-al-castell-Eltakataka-web-PUBLIC_3.jpg&#8221; image_icon_width=&#8221;none&#8221; module_class=&#8221;grupoprog&#8221; _builder_version=&#8221;4.25.0&#8243; body_text_color=&#8221;#000000&#8243; body_font_size=&#8221;17&#8243; background_color=&#8221;#12968a&#8221; background_size=&#8221;initial&#8221; background_position=&#8221;top_left&#8221; background_repeat=&#8221;repeat&#8221; max_width_tablet=&#8221;50px&#8221; custom_margin=&#8221;|0px|30px|0px&#8221; custom_padding=&#8221;|0px||0px&#8221; z_index_tablet=&#8221;500&#8243; custom_css_blurb_image=&#8221;margin-bottom:10px;&#8221; use_border_color=&#8221;off&#8221; image_max_width=&#8221;none&#8221; global_colors_info=&#8221;{}&#8221;][\/et_pb_blurb][\/et_pb_column][et_pb_column type=&#8221;1_4&#8243; module_class=&#8221;anuncio4colfull&#8221; _builder_version=&#8221;4.16&#8243; custom_padding=&#8221;15px|0px|0px|0px&#8221; global_colors_info=&#8221;{}&#8221; custom_padding__hover=&#8221;|||&#8221;][et_pb_blurb url=&#8221;https:\/\/musicaalcastell.com\/ca\/denia-cultura-museus-i-patrimoni\/&#8221; url_new_window=&#8221;on&#8221; image=&#8221;http:\/\/musicaalcastell.com\/wp-content\/uploads\/2024\/08\/Musica-al-castell-Eltakataka-web-PUBLIC_4.jpg&#8221; image_icon_width=&#8221;none&#8221; module_class=&#8221;grupoprog&#8221; _builder_version=&#8221;4.25.0&#8243; body_text_color=&#8221;#000000&#8243; body_font_size=&#8221;17&#8243; background_color=&#8221;#12968a&#8221; background_size=&#8221;initial&#8221; background_position=&#8221;top_left&#8221; background_repeat=&#8221;repeat&#8221; max_width_tablet=&#8221;50px&#8221; custom_margin=&#8221;|0px|30px|0px&#8221; custom_padding=&#8221;|0px||0px&#8221; z_index_tablet=&#8221;500&#8243; custom_css_blurb_image=&#8221;margin-bottom:10px;&#8221; custom_css_blurb_content=&#8221;min-height:30px;&#8221; use_border_color=&#8221;off&#8221; image_max_width=&#8221;none&#8221; global_colors_info=&#8221;{}&#8221;][\/et_pb_blurb][\/et_pb_column][\/et_pb_row][\/et_pb_section]<\/p>\n","protected":false},"excerpt":{"rendered":"<p>XXXII Festival M\u00fasica amb \u00c0nima Mediterr\u00e0nia. M\u00e9s de 3000 persones gaudixen de les nits del festival M\u00fasica al Castell de D\u00e9nia 2024 &nbsp; El festival M\u00fasica al Castell de D\u00e9nia ha demostrat, una edici\u00f3 m\u00e9s, que continua sent una cita de refer\u00e8ncia per als amants de la m\u00fasica tradicional i popular. M\u00e9s de 3000 persones [&hellip;]<\/p>\n","protected":false},"author":1,"featured_media":0,"parent":0,"menu_order":0,"comment_status":"closed","ping_status":"closed","template":"","meta":{"_et_pb_use_builder":"on","_et_pb_old_content":"","_et_gb_content_width":"","footnotes":"","_links_to":"","_links_to_target":""},"class_list":["post-10673","page","type-page","status-publish","hentry"],"_links":{"self":[{"href":"https:\/\/musicaalcastell.com\/ca\/wp-json\/wp\/v2\/pages\/10673","targetHints":{"allow":["GET"]}}],"collection":[{"href":"https:\/\/musicaalcastell.com\/ca\/wp-json\/wp\/v2\/pages"}],"about":[{"href":"https:\/\/musicaalcastell.com\/ca\/wp-json\/wp\/v2\/types\/page"}],"author":[{"embeddable":true,"href":"https:\/\/musicaalcastell.com\/ca\/wp-json\/wp\/v2\/users\/1"}],"replies":[{"embeddable":true,"href":"https:\/\/musicaalcastell.com\/ca\/wp-json\/wp\/v2\/comments?post=10673"}],"version-history":[{"count":5,"href":"https:\/\/musicaalcastell.com\/ca\/wp-json\/wp\/v2\/pages\/10673\/revisions"}],"predecessor-version":[{"id":10680,"href":"https:\/\/musicaalcastell.com\/ca\/wp-json\/wp\/v2\/pages\/10673\/revisions\/10680"}],"wp:attachment":[{"href":"https:\/\/musicaalcastell.com\/ca\/wp-json\/wp\/v2\/media?parent=10673"}],"curies":[{"name":"wp","href":"https:\/\/api.w.org\/{rel}","templated":true}]}}